{"id":240,"date":"2023-01-13T17:00:39","date_gmt":"2023-01-13T17:00:39","guid":{"rendered":"https:\/\/inquietudearquitetura.pt\/?page_id=240"},"modified":"2025-12-31T13:57:53","modified_gmt":"2025-12-31T13:57:53","slug":"projetos","status":"publish","type":"page","link":"https:\/\/inquietudearquitetura.pt\/?page_id=240","title":{"rendered":"+Arch"},"content":{"rendered":"\n<h2 class=\"wp-block-heading has-large-font-size\" style=\"font-style:normal;font-weight:100\">ARQUITETURA, em que podemos ajudar?<\/h2>\n\n\n\n<div class=\"wp-block-group is-layout-flow wp-block-group-is-layout-flow\">\n<div style=\"height:0px\" aria-hidden=\"true\" class=\"wp-block-spacer\"><\/div>\n\n\n\n<div class=\"wp-block-columns is-layout-flex wp-container-core-columns-is-layout-28f84493 wp-block-columns-is-layout-flex\">\n<div class=\"wp-block-column is-style-default is-layout-flow wp-block-column-is-layout-flow\" style=\"border-style:none;border-width:0px;padding-top:0;padding-right:0;padding-bottom:0;padding-left:0\">\n<h1 class=\"wp-block-heading\" style=\"font-size:clamp(14.642px, 0.915rem + ((1vw - 3.2px) * 0.651), 22px);font-style:normal;font-weight:100\">RESIDENCIAL<\/h1>\n\n\n\n<p class=\"has-text-color has-link-color has-small-font-size wp-elements-ca35532f64e6970b57ba31cb5d28358c\" style=\"color:#c5c4c4;font-style:normal;font-weight:100\">MORADIA<\/p>\n\n\n\n<p class=\"has-text-color has-link-color has-small-font-size wp-elements-bf681fd1d7cc3b1b7b3b26ff1625784b\" style=\"color:#c5c4c4;font-style:normal;font-weight:100\">EDIFICIO MULTIFAMILIAR<\/p>\n\n\n\n<p style=\"font-size:clamp(14px, 0.875rem + ((1vw - 3.2px) * 0.265), 17px);font-style:normal;font-weight:100\"><\/p>\n<\/div>\n\n\n\n<div class=\"wp-block-column is-style-default is-layout-flow wp-block-column-is-layout-flow\" style=\"border-style:none;border-width:0px;padding-top:0;padding-right:0;padding-bottom:0;padding-left:0\">\n<h2 class=\"wp-block-heading\" style=\"font-size:clamp(14.642px, 0.915rem + ((1vw - 3.2px) * 0.651), 22px);font-style:normal;font-weight:100\">EQUIPAMENTO<\/h2>\n\n\n\n<p class=\"has-text-color has-link-color has-small-font-size wp-elements-db95ce77b98796626381f896d9209de0\" style=\"color:#c5c4c4;font-style:normal;font-weight:100\">HOTEL E TURISMO<\/p>\n\n\n\n<p class=\"has-text-color has-link-color has-small-font-size wp-elements-f2d6eddf24f77cc3038ac37885820751\" style=\"color:#c5c4c4;font-style:normal;font-weight:100\">CORPORATIVO E IND\u00daSTRIA<\/p>\n\n\n\n<p style=\"font-size:clamp(14px, 0.875rem + ((1vw - 3.2px) * 0.265), 17px);font-style:normal;font-weight:100\"><\/p>\n\n\n\n<ul class=\"wp-block-social-links has-icon-color is-style-logos-only is-layout-flex wp-block-social-links-is-layout-flex\"><\/ul>\n<\/div>\n\n\n\n<div class=\"wp-block-column is-style-default is-layout-flow wp-block-column-is-layout-flow\" style=\"border-style:none;border-width:0px;padding-top:0;padding-right:0;padding-bottom:0;padding-left:0\">\n<h2 class=\"wp-block-heading\" style=\"font-size:clamp(14.642px, 0.915rem + ((1vw - 3.2px) * 0.651), 22px);font-style:normal;font-weight:100\">REABILITA\u00c7\u00c3O<\/h2>\n\n\n\n<p class=\"has-text-color has-link-color has-small-font-size wp-elements-685f924e92f962074af8c86af65f2f12\" style=\"color:#c5c4c4;font-style:normal;font-weight:100\">EDIFICIO E HABITA\u00c7\u00c3O<\/p>\n\n\n\n<p class=\"has-text-color has-link-color has-small-font-size wp-elements-752546efc7cacfa56f8f7b318d5ac77d\" style=\"color:#c5c4c4;font-style:normal;font-weight:100\">ESPA\u00c7OS COMERCIAIS<\/p>\n\n\n\n<p style=\"font-size:clamp(14px, 0.875rem + ((1vw - 3.2px) * 0.265), 17px);font-style:normal;font-weight:100\"><\/p>\n\n\n\n<ul class=\"wp-block-social-links has-icon-color is-style-logos-only is-layout-flex wp-block-social-links-is-layout-flex\"><\/ul>\n<\/div>\n\n\n\n<div class=\"wp-block-column is-style-default is-layout-flow wp-block-column-is-layout-flow\" style=\"border-style:none;border-width:0px;padding-top:0;padding-right:0;padding-bottom:0;padding-left:0\">\n<h2 class=\"wp-block-heading\" style=\"font-size:clamp(14.642px, 0.915rem + ((1vw - 3.2px) * 0.651), 22px);font-style:normal;font-weight:100\">AMBIENTES<\/h2>\n\n\n\n<p class=\"has-text-color has-link-color has-small-font-size wp-elements-9609db33466eca48a78f38d92f7cfd14\" style=\"color:#c5c4c4;font-style:normal;font-weight:100\">DESIGN DE INTERIORES <\/p>\n\n\n\n<p class=\"has-text-color has-link-color has-small-font-size wp-elements-32cb9d7cf60a41bfc2f29cd4ccda6060\" style=\"color:#c5c4c4;font-style:normal;font-weight:100\">DESENHO DE MOBILI\u00c1RIO<\/p>\n\n\n\n<p style=\"font-size:clamp(14px, 0.875rem + ((1vw - 3.2px) * 0.265), 17px);font-style:normal;font-weight:100\"><\/p>\n\n\n\n<ul class=\"wp-block-social-links has-icon-color is-style-logos-only is-layout-flex wp-block-social-links-is-layout-flex\"><\/ul>\n<\/div>\n<\/div>\n<\/div>\n\n\n\n<h6 class=\"wp-block-heading\"><\/h6>\n\n\n\n<p class=\"has-primary-color has-text-color has-link-color wp-elements-39171e6439a4adbab22e8de124c0515b\" style=\"font-size:clamp(14px, 0.875rem + ((1vw - 3.2px) * 0.265), 17px);font-style:normal;font-weight:100\">Os \u00faltimos anos deram-nos a conhecer excelentes clientes, com uma ampla vontade e diversidade, que nos permitiram desenvolver programas de uma forma criativa e diferenciada, tanto na linguagem como na funcionalidade program\u00e1tica. Estes gestos culminaram em solu\u00e7\u00f5es de qualidade vivencial, importando cada vez mais a intima rela\u00e7\u00e3o de escala e a promo\u00e7\u00e3o dos momentos entre o interior e o exterior. Alguns desses projetos:<\/p>\n\n\n\n<h2 class=\"wp-block-heading\"><\/h2>\n\n\n\n<figure class=\"wp-block-gallery aligncenter has-nested-images columns-3 is-cropped has-white-background-color has-background wp-block-gallery-1 is-layout-flex wp-block-gallery-is-layout-flex\" style=\"border-style:none;border-width:0px;border-top-left-radius:0px;border-top-right-radius:0px;border-bottom-left-radius:0px;border-bottom-right-radius:0px;margin-top:0;margin-right:0;margin-bottom:0;margin-left:0\">\n<figure data-wp-context=\"{&quot;imageId&quot;:&quot;69f189cadc9e5&quot;}\" data-wp-interactive=\"core\/image\" data-wp-key=\"69f189cadc9e5\" class=\"wp-block-image size-large has-custom-border wp-lightbox-container\" style=\"margin-top:0;margin-right:var(--wp--preset--spacing--medium);margin-bottom:0;margin-left:var(--wp--preset--spacing--medium)\"><img loading=\"lazy\" decoding=\"async\" width=\"1024\" height=\"576\" data-wp-class--hide=\"state.isContentHidden\" data-wp-class--show=\"state.isContentVisible\" data-wp-init=\"callbacks.setButtonStyles\" data-wp-on--click=\"actions.showLightbox\" data-wp-on--load=\"callbacks.setButtonStyles\" data-wp-on-window--resize=\"callbacks.setButtonStyles\" data-id=\"429\" src=\"https:\/\/inquietudearquitetura.pt\/wp-content\/uploads\/2023\/01\/13-3-1024x576.jpg\" alt=\"\" class=\"wp-image-429\" style=\"border-style:none;border-width:0px;border-top-left-radius:0px;border-top-right-radius:0px;border-bottom-left-radius:0px;border-bottom-right-radius:0px;aspect-ratio:3\/2\" srcset=\"https:\/\/inquietudearquitetura.pt\/wp-content\/uploads\/2023\/01\/13-3-1024x576.jpg 1024w, https:\/\/inquietudearquitetura.pt\/wp-content\/uploads\/2023\/01\/13-3-300x169.jpg 300w, https:\/\/inquietudearquitetura.pt\/wp-content\/uploads\/2023\/01\/13-3-768x432.jpg 768w, https:\/\/inquietudearquitetura.pt\/wp-content\/uploads\/2023\/01\/13-3-1536x864.jpg 1536w, https:\/\/inquietudearquitetura.pt\/wp-content\/uploads\/2023\/01\/13-3-2048x1152.jpg 2048w, https:\/\/inquietudearquitetura.pt\/wp-content\/uploads\/2023\/01\/13-3-2000x1125.jpg 2000w\" sizes=\"auto, (max-width: 1024px) 100vw, 1024px\" \/><button\n\t\t\tclass=\"lightbox-trigger\"\n\t\t\ttype=\"button\"\n\t\t\taria-haspopup=\"dialog\"\n\t\t\taria-label=\"Ampliar\"\n\t\t\tdata-wp-init=\"callbacks.initTriggerButton\"\n\t\t\tdata-wp-on--click=\"actions.showLightbox\"\n\t\t\tdata-wp-style--right=\"state.imageButtonRight\"\n\t\t\tdata-wp-style--top=\"state.imageButtonTop\"\n\t\t>\n\t\t\t<svg xmlns=\"http:\/\/www.w3.org\/2000\/svg\" width=\"12\" height=\"12\" fill=\"none\" viewBox=\"0 0 12 12\">\n\t\t\t\t<path fill=\"#fff\" d=\"M2 0a2 2 0 0 0-2 2v2h1.5V2a.5.5 0 0 1 .5-.5h2V0H2Zm2 10.5H2a.5.5 0 0 1-.5-.5V8H0v2a2 2 0 0 0 2 2h2v-1.5ZM8 12v-1.5h2a.5.5 0 0 0 .5-.5V8H12v2a2 2 0 0 1-2 2H8Zm2-12a2 2 0 0 1 2 2v2h-1.5V2a.5.5 0 0 0-.5-.5H8V0h2Z\" \/>\n\t\t\t<\/svg>\n\t\t<\/button><figcaption class=\"wp-element-caption\">PONTE DA BARCA _&#8221;Edif\u00edcio Barca Prestige&#8221; : 18 Apartamentos <\/figcaption><\/figure>\n\n\n\n<figure data-wp-context=\"{&quot;imageId&quot;:&quot;69f189cadd668&quot;}\" data-wp-interactive=\"core\/image\" data-wp-key=\"69f189cadd668\" class=\"wp-block-image size-large has-custom-border wp-lightbox-container\" style=\"margin-top:0;margin-right:var(--wp--preset--spacing--medium);margin-bottom:0;margin-left:var(--wp--preset--spacing--medium)\"><img loading=\"lazy\" decoding=\"async\" width=\"1024\" height=\"587\" data-wp-class--hide=\"state.isContentHidden\" data-wp-class--show=\"state.isContentVisible\" data-wp-init=\"callbacks.setButtonStyles\" data-wp-on--click=\"actions.showLightbox\" data-wp-on--load=\"callbacks.setButtonStyles\" data-wp-on-window--resize=\"callbacks.setButtonStyles\" data-id=\"440\" src=\"https:\/\/inquietudearquitetura.pt\/wp-content\/uploads\/2023\/01\/01-1024x587.jpg\" alt=\"\" class=\"wp-image-440\" style=\"border-style:none;border-width:0px;border-top-left-radius:0px;border-top-right-radius:0px;border-bottom-left-radius:0px;border-bottom-right-radius:0px;aspect-ratio:3\/2\" srcset=\"https:\/\/inquietudearquitetura.pt\/wp-content\/uploads\/2023\/01\/01-1024x587.jpg 1024w, https:\/\/inquietudearquitetura.pt\/wp-content\/uploads\/2023\/01\/01-300x172.jpg 300w, https:\/\/inquietudearquitetura.pt\/wp-content\/uploads\/2023\/01\/01-768x440.jpg 768w, https:\/\/inquietudearquitetura.pt\/wp-content\/uploads\/2023\/01\/01-1536x880.jpg 1536w, https:\/\/inquietudearquitetura.pt\/wp-content\/uploads\/2023\/01\/01-2048x1173.jpg 2048w, https:\/\/inquietudearquitetura.pt\/wp-content\/uploads\/2023\/01\/01-2000x1146.jpg 2000w\" sizes=\"auto, (max-width: 1024px) 100vw, 1024px\" \/><button\n\t\t\tclass=\"lightbox-trigger\"\n\t\t\ttype=\"button\"\n\t\t\taria-haspopup=\"dialog\"\n\t\t\taria-label=\"Ampliar\"\n\t\t\tdata-wp-init=\"callbacks.initTriggerButton\"\n\t\t\tdata-wp-on--click=\"actions.showLightbox\"\n\t\t\tdata-wp-style--right=\"state.imageButtonRight\"\n\t\t\tdata-wp-style--top=\"state.imageButtonTop\"\n\t\t>\n\t\t\t<svg xmlns=\"http:\/\/www.w3.org\/2000\/svg\" width=\"12\" height=\"12\" fill=\"none\" viewBox=\"0 0 12 12\">\n\t\t\t\t<path fill=\"#fff\" d=\"M2 0a2 2 0 0 0-2 2v2h1.5V2a.5.5 0 0 1 .5-.5h2V0H2Zm2 10.5H2a.5.5 0 0 1-.5-.5V8H0v2a2 2 0 0 0 2 2h2v-1.5ZM8 12v-1.5h2a.5.5 0 0 0 .5-.5V8H12v2a2 2 0 0 1-2 2H8Zm2-12a2 2 0 0 1 2 2v2h-1.5V2a.5.5 0 0 0-.5-.5H8V0h2Z\" \/>\n\t\t\t<\/svg>\n\t\t<\/button><figcaption class=\"wp-element-caption\">PONTE DE LIMA _ &#8220;Casa da Costa&#8221; : Moradia unifamiliar<\/figcaption><\/figure>\n\n\n\n<figure data-wp-context=\"{&quot;imageId&quot;:&quot;69f189cade295&quot;}\" data-wp-interactive=\"core\/image\" data-wp-key=\"69f189cade295\" class=\"wp-block-image size-large has-custom-border is-style-default wp-lightbox-container\" style=\"margin-top:0;margin-right:var(--wp--preset--spacing--medium);margin-bottom:0;margin-left:var(--wp--preset--spacing--medium)\"><img loading=\"lazy\" decoding=\"async\" width=\"1024\" height=\"576\" data-wp-class--hide=\"state.isContentHidden\" data-wp-class--show=\"state.isContentVisible\" data-wp-init=\"callbacks.setButtonStyles\" data-wp-on--click=\"actions.showLightbox\" data-wp-on--load=\"callbacks.setButtonStyles\" data-wp-on-window--resize=\"callbacks.setButtonStyles\" data-id=\"779\" src=\"https:\/\/inquietudearquitetura.pt\/wp-content\/uploads\/2023\/03\/05-1024x576.jpg\" alt=\"\" class=\"wp-image-779\" style=\"border-style:none;border-width:0px;border-top-left-radius:0px;border-top-right-radius:0px;border-bottom-left-radius:0px;border-bottom-right-radius:0px;aspect-ratio:3\/2\" srcset=\"https:\/\/inquietudearquitetura.pt\/wp-content\/uploads\/2023\/03\/05-1024x576.jpg 1024w, https:\/\/inquietudearquitetura.pt\/wp-content\/uploads\/2023\/03\/05-300x169.jpg 300w, https:\/\/inquietudearquitetura.pt\/wp-content\/uploads\/2023\/03\/05-768x432.jpg 768w, https:\/\/inquietudearquitetura.pt\/wp-content\/uploads\/2023\/03\/05-1536x864.jpg 1536w, https:\/\/inquietudearquitetura.pt\/wp-content\/uploads\/2023\/03\/05-2048x1152.jpg 2048w, https:\/\/inquietudearquitetura.pt\/wp-content\/uploads\/2023\/03\/05-2000x1125.jpg 2000w\" sizes=\"auto, (max-width: 1024px) 100vw, 1024px\" \/><button\n\t\t\tclass=\"lightbox-trigger\"\n\t\t\ttype=\"button\"\n\t\t\taria-haspopup=\"dialog\"\n\t\t\taria-label=\"Ampliar\"\n\t\t\tdata-wp-init=\"callbacks.initTriggerButton\"\n\t\t\tdata-wp-on--click=\"actions.showLightbox\"\n\t\t\tdata-wp-style--right=\"state.imageButtonRight\"\n\t\t\tdata-wp-style--top=\"state.imageButtonTop\"\n\t\t>\n\t\t\t<svg xmlns=\"http:\/\/www.w3.org\/2000\/svg\" width=\"12\" height=\"12\" fill=\"none\" viewBox=\"0 0 12 12\">\n\t\t\t\t<path fill=\"#fff\" d=\"M2 0a2 2 0 0 0-2 2v2h1.5V2a.5.5 0 0 1 .5-.5h2V0H2Zm2 10.5H2a.5.5 0 0 1-.5-.5V8H0v2a2 2 0 0 0 2 2h2v-1.5ZM8 12v-1.5h2a.5.5 0 0 0 .5-.5V8H12v2a2 2 0 0 1-2 2H8Zm2-12a2 2 0 0 1 2 2v2h-1.5V2a.5.5 0 0 0-.5-.5H8V0h2Z\" \/>\n\t\t\t<\/svg>\n\t\t<\/button><figcaption class=\"wp-element-caption\">SEIXAL _&#8221;Casa do Paul do Arzil&#8221; : Moradia unifamiliar<\/figcaption><\/figure>\n\n\n\n<figure data-wp-context=\"{&quot;imageId&quot;:&quot;69f189cadef0d&quot;}\" data-wp-interactive=\"core\/image\" data-wp-key=\"69f189cadef0d\" class=\"wp-block-image size-large has-custom-border wp-lightbox-container\" style=\"margin-top:0;margin-right:var(--wp--preset--spacing--medium);margin-bottom:0;margin-left:var(--wp--preset--spacing--medium)\"><img loading=\"lazy\" decoding=\"async\" width=\"1024\" height=\"576\" data-wp-class--hide=\"state.isContentHidden\" data-wp-class--show=\"state.isContentVisible\" data-wp-init=\"callbacks.setButtonStyles\" data-wp-on--click=\"actions.showLightbox\" data-wp-on--load=\"callbacks.setButtonStyles\" data-wp-on-window--resize=\"callbacks.setButtonStyles\" data-id=\"1687\" src=\"https:\/\/inquietudearquitetura.pt\/wp-content\/uploads\/2024\/09\/EXT-1-1024x576.jpg\" alt=\"\" class=\"wp-image-1687\" style=\"border-style:none;border-width:0px;border-top-left-radius:0px;border-top-right-radius:0px;border-bottom-left-radius:0px;border-bottom-right-radius:0px;aspect-ratio:3\/2\" srcset=\"https:\/\/inquietudearquitetura.pt\/wp-content\/uploads\/2024\/09\/EXT-1-1024x576.jpg 1024w, https:\/\/inquietudearquitetura.pt\/wp-content\/uploads\/2024\/09\/EXT-1-300x169.jpg 300w, https:\/\/inquietudearquitetura.pt\/wp-content\/uploads\/2024\/09\/EXT-1-2000x1125.jpg 2000w\" sizes=\"auto, (max-width: 1024px) 100vw, 1024px\" \/><button\n\t\t\tclass=\"lightbox-trigger\"\n\t\t\ttype=\"button\"\n\t\t\taria-haspopup=\"dialog\"\n\t\t\taria-label=\"Ampliar\"\n\t\t\tdata-wp-init=\"callbacks.initTriggerButton\"\n\t\t\tdata-wp-on--click=\"actions.showLightbox\"\n\t\t\tdata-wp-style--right=\"state.imageButtonRight\"\n\t\t\tdata-wp-style--top=\"state.imageButtonTop\"\n\t\t>\n\t\t\t<svg xmlns=\"http:\/\/www.w3.org\/2000\/svg\" width=\"12\" height=\"12\" fill=\"none\" viewBox=\"0 0 12 12\">\n\t\t\t\t<path fill=\"#fff\" d=\"M2 0a2 2 0 0 0-2 2v2h1.5V2a.5.5 0 0 1 .5-.5h2V0H2Zm2 10.5H2a.5.5 0 0 1-.5-.5V8H0v2a2 2 0 0 0 2 2h2v-1.5ZM8 12v-1.5h2a.5.5 0 0 0 .5-.5V8H12v2a2 2 0 0 1-2 2H8Zm2-12a2 2 0 0 1 2 2v2h-1.5V2a.5.5 0 0 0-.5-.5H8V0h2Z\" \/>\n\t\t\t<\/svg>\n\t\t<\/button><figcaption class=\"wp-element-caption\">VIANA DO CASTELO _ Condom\u00ednio &#8220;Afife Villas&#8221; : 4 Moradias unifamiliares<\/figcaption><\/figure>\n\n\n\n<figure data-wp-context=\"{&quot;imageId&quot;:&quot;69f189cae0012&quot;}\" data-wp-interactive=\"core\/image\" data-wp-key=\"69f189cae0012\" class=\"wp-block-image size-large has-custom-border wp-lightbox-container\" style=\"margin-top:0;margin-right:var(--wp--preset--spacing--medium);margin-bottom:0;margin-left:var(--wp--preset--spacing--medium)\"><img loading=\"lazy\" decoding=\"async\" width=\"1024\" height=\"576\" data-wp-class--hide=\"state.isContentHidden\" data-wp-class--show=\"state.isContentVisible\" data-wp-init=\"callbacks.setButtonStyles\" data-wp-on--click=\"actions.showLightbox\" data-wp-on--load=\"callbacks.setButtonStyles\" data-wp-on-window--resize=\"callbacks.setButtonStyles\" data-id=\"442\" src=\"https:\/\/inquietudearquitetura.pt\/wp-content\/uploads\/2023\/01\/C-1024x576.jpg\" alt=\"\" class=\"wp-image-442\" style=\"border-style:none;border-width:0px;border-top-left-radius:0px;border-top-right-radius:0px;border-bottom-left-radius:0px;border-bottom-right-radius:0px;aspect-ratio:3\/2\" srcset=\"https:\/\/inquietudearquitetura.pt\/wp-content\/uploads\/2023\/01\/C-1024x576.jpg 1024w, https:\/\/inquietudearquitetura.pt\/wp-content\/uploads\/2023\/01\/C-300x169.jpg 300w, https:\/\/inquietudearquitetura.pt\/wp-content\/uploads\/2023\/01\/C-768x432.jpg 768w, https:\/\/inquietudearquitetura.pt\/wp-content\/uploads\/2023\/01\/C-1536x864.jpg 1536w, https:\/\/inquietudearquitetura.pt\/wp-content\/uploads\/2023\/01\/C-2048x1152.jpg 2048w, https:\/\/inquietudearquitetura.pt\/wp-content\/uploads\/2023\/01\/C-2000x1125.jpg 2000w\" sizes=\"auto, (max-width: 1024px) 100vw, 1024px\" \/><button\n\t\t\tclass=\"lightbox-trigger\"\n\t\t\ttype=\"button\"\n\t\t\taria-haspopup=\"dialog\"\n\t\t\taria-label=\"Ampliar\"\n\t\t\tdata-wp-init=\"callbacks.initTriggerButton\"\n\t\t\tdata-wp-on--click=\"actions.showLightbox\"\n\t\t\tdata-wp-style--right=\"state.imageButtonRight\"\n\t\t\tdata-wp-style--top=\"state.imageButtonTop\"\n\t\t>\n\t\t\t<svg xmlns=\"http:\/\/www.w3.org\/2000\/svg\" width=\"12\" height=\"12\" fill=\"none\" viewBox=\"0 0 12 12\">\n\t\t\t\t<path fill=\"#fff\" d=\"M2 0a2 2 0 0 0-2 2v2h1.5V2a.5.5 0 0 1 .5-.5h2V0H2Zm2 10.5H2a.5.5 0 0 1-.5-.5V8H0v2a2 2 0 0 0 2 2h2v-1.5ZM8 12v-1.5h2a.5.5 0 0 0 .5-.5V8H12v2a2 2 0 0 1-2 2H8Zm2-12a2 2 0 0 1 2 2v2h-1.5V2a.5.5 0 0 0-.5-.5H8V0h2Z\" \/>\n\t\t\t<\/svg>\n\t\t<\/button><figcaption class=\"wp-element-caption\">GONDOMAR _ &#8220;Casa do Mira Douro&#8221; : Moradia unifamiliar <\/figcaption><\/figure>\n\n\n\n<figure data-wp-context=\"{&quot;imageId&quot;:&quot;69f189cae0d17&quot;}\" data-wp-interactive=\"core\/image\" data-wp-key=\"69f189cae0d17\" class=\"wp-block-image size-large has-custom-border wp-lightbox-container\" style=\"margin-top:0;margin-right:var(--wp--preset--spacing--medium);margin-bottom:0;margin-left:var(--wp--preset--spacing--medium)\"><img loading=\"lazy\" decoding=\"async\" width=\"1024\" height=\"576\" data-wp-class--hide=\"state.isContentHidden\" data-wp-class--show=\"state.isContentVisible\" data-wp-init=\"callbacks.setButtonStyles\" data-wp-on--click=\"actions.showLightbox\" data-wp-on--load=\"callbacks.setButtonStyles\" data-wp-on-window--resize=\"callbacks.setButtonStyles\" data-id=\"448\" src=\"https:\/\/inquietudearquitetura.pt\/wp-content\/uploads\/2023\/01\/11-2-1024x576.jpg\" alt=\"\" class=\"wp-image-448\" style=\"border-style:none;border-width:0px;border-top-left-radius:0px;border-top-right-radius:0px;border-bottom-left-radius:0px;border-bottom-right-radius:0px;aspect-ratio:3\/2\" srcset=\"https:\/\/inquietudearquitetura.pt\/wp-content\/uploads\/2023\/01\/11-2-1024x576.jpg 1024w, https:\/\/inquietudearquitetura.pt\/wp-content\/uploads\/2023\/01\/11-2-300x169.jpg 300w, https:\/\/inquietudearquitetura.pt\/wp-content\/uploads\/2023\/01\/11-2-768x432.jpg 768w, https:\/\/inquietudearquitetura.pt\/wp-content\/uploads\/2023\/01\/11-2-1536x864.jpg 1536w, https:\/\/inquietudearquitetura.pt\/wp-content\/uploads\/2023\/01\/11-2-2048x1152.jpg 2048w, https:\/\/inquietudearquitetura.pt\/wp-content\/uploads\/2023\/01\/11-2-2000x1125.jpg 2000w\" sizes=\"auto, (max-width: 1024px) 100vw, 1024px\" \/><button\n\t\t\tclass=\"lightbox-trigger\"\n\t\t\ttype=\"button\"\n\t\t\taria-haspopup=\"dialog\"\n\t\t\taria-label=\"Ampliar\"\n\t\t\tdata-wp-init=\"callbacks.initTriggerButton\"\n\t\t\tdata-wp-on--click=\"actions.showLightbox\"\n\t\t\tdata-wp-style--right=\"state.imageButtonRight\"\n\t\t\tdata-wp-style--top=\"state.imageButtonTop\"\n\t\t>\n\t\t\t<svg xmlns=\"http:\/\/www.w3.org\/2000\/svg\" width=\"12\" height=\"12\" fill=\"none\" viewBox=\"0 0 12 12\">\n\t\t\t\t<path fill=\"#fff\" d=\"M2 0a2 2 0 0 0-2 2v2h1.5V2a.5.5 0 0 1 .5-.5h2V0H2Zm2 10.5H2a.5.5 0 0 1-.5-.5V8H0v2a2 2 0 0 0 2 2h2v-1.5ZM8 12v-1.5h2a.5.5 0 0 0 .5-.5V8H12v2a2 2 0 0 1-2 2H8Zm2-12a2 2 0 0 1 2 2v2h-1.5V2a.5.5 0 0 0-.5-.5H8V0h2Z\" \/>\n\t\t\t<\/svg>\n\t\t<\/button><figcaption class=\"wp-element-caption\">SEIXAL _ &#8220;Casa Ilha das Berlengas&#8221; : Moradia unifamiliar<\/figcaption><\/figure>\n\n\n\n<figure data-wp-context=\"{&quot;imageId&quot;:&quot;69f189cae19e3&quot;}\" data-wp-interactive=\"core\/image\" data-wp-key=\"69f189cae19e3\" class=\"wp-block-image size-large has-custom-border wp-lightbox-container\" style=\"margin-top:0;margin-right:var(--wp--preset--spacing--medium);margin-bottom:0;margin-left:var(--wp--preset--spacing--medium)\"><img loading=\"lazy\" decoding=\"async\" width=\"1024\" height=\"575\" data-wp-class--hide=\"state.isContentHidden\" data-wp-class--show=\"state.isContentVisible\" data-wp-init=\"callbacks.setButtonStyles\" data-wp-on--click=\"actions.showLightbox\" data-wp-on--load=\"callbacks.setButtonStyles\" data-wp-on-window--resize=\"callbacks.setButtonStyles\" data-id=\"447\" src=\"https:\/\/inquietudearquitetura.pt\/wp-content\/uploads\/2023\/01\/003_A-1024x575.jpg\" alt=\"\" class=\"wp-image-447\" style=\"border-style:none;border-width:0px;border-top-left-radius:0px;border-top-right-radius:0px;border-bottom-left-radius:0px;border-bottom-right-radius:0px;aspect-ratio:3\/2\" srcset=\"https:\/\/inquietudearquitetura.pt\/wp-content\/uploads\/2023\/01\/003_A-1024x575.jpg 1024w, https:\/\/inquietudearquitetura.pt\/wp-content\/uploads\/2023\/01\/003_A-300x169.jpg 300w, https:\/\/inquietudearquitetura.pt\/wp-content\/uploads\/2023\/01\/003_A-768x432.jpg 768w, https:\/\/inquietudearquitetura.pt\/wp-content\/uploads\/2023\/01\/003_A-1536x863.jpg 1536w, https:\/\/inquietudearquitetura.pt\/wp-content\/uploads\/2023\/01\/003_A-2048x1151.jpg 2048w, https:\/\/inquietudearquitetura.pt\/wp-content\/uploads\/2023\/01\/003_A-2000x1124.jpg 2000w\" sizes=\"auto, (max-width: 1024px) 100vw, 1024px\" \/><button\n\t\t\tclass=\"lightbox-trigger\"\n\t\t\ttype=\"button\"\n\t\t\taria-haspopup=\"dialog\"\n\t\t\taria-label=\"Ampliar\"\n\t\t\tdata-wp-init=\"callbacks.initTriggerButton\"\n\t\t\tdata-wp-on--click=\"actions.showLightbox\"\n\t\t\tdata-wp-style--right=\"state.imageButtonRight\"\n\t\t\tdata-wp-style--top=\"state.imageButtonTop\"\n\t\t>\n\t\t\t<svg xmlns=\"http:\/\/www.w3.org\/2000\/svg\" width=\"12\" height=\"12\" fill=\"none\" viewBox=\"0 0 12 12\">\n\t\t\t\t<path fill=\"#fff\" d=\"M2 0a2 2 0 0 0-2 2v2h1.5V2a.5.5 0 0 1 .5-.5h2V0H2Zm2 10.5H2a.5.5 0 0 1-.5-.5V8H0v2a2 2 0 0 0 2 2h2v-1.5ZM8 12v-1.5h2a.5.5 0 0 0 .5-.5V8H12v2a2 2 0 0 1-2 2H8Zm2-12a2 2 0 0 1 2 2v2h-1.5V2a.5.5 0 0 0-.5-.5H8V0h2Z\" \/>\n\t\t\t<\/svg>\n\t\t<\/button><figcaption class=\"wp-element-caption\">SEIXAL _&#8221;Casa do Parque Natural&#8221; : Moradia unifamiliar<\/figcaption><\/figure>\n\n\n\n<figure data-wp-context=\"{&quot;imageId&quot;:&quot;69f189cae26d8&quot;}\" data-wp-interactive=\"core\/image\" data-wp-key=\"69f189cae26d8\" class=\"wp-block-image size-large has-custom-border wp-lightbox-container\" style=\"margin-top:0;margin-right:var(--wp--preset--spacing--medium);margin-bottom:0;margin-left:var(--wp--preset--spacing--medium)\"><img loading=\"lazy\" decoding=\"async\" width=\"1024\" height=\"576\" data-wp-class--hide=\"state.isContentHidden\" data-wp-class--show=\"state.isContentVisible\" data-wp-init=\"callbacks.setButtonStyles\" data-wp-on--click=\"actions.showLightbox\" data-wp-on--load=\"callbacks.setButtonStyles\" data-wp-on-window--resize=\"callbacks.setButtonStyles\" data-id=\"1231\" src=\"https:\/\/inquietudearquitetura.pt\/wp-content\/uploads\/2023\/12\/ext-8-1024x576.jpg\" alt=\"\" class=\"wp-image-1231\" style=\"border-style:none;border-width:0px;border-top-left-radius:0px;border-top-right-radius:0px;border-bottom-left-radius:0px;border-bottom-right-radius:0px;aspect-ratio:3\/2\" srcset=\"https:\/\/inquietudearquitetura.pt\/wp-content\/uploads\/2023\/12\/ext-8-1024x576.jpg 1024w, https:\/\/inquietudearquitetura.pt\/wp-content\/uploads\/2023\/12\/ext-8-300x169.jpg 300w, https:\/\/inquietudearquitetura.pt\/wp-content\/uploads\/2023\/12\/ext-8-2000x1125.jpg 2000w\" sizes=\"auto, (max-width: 1024px) 100vw, 1024px\" \/><button\n\t\t\tclass=\"lightbox-trigger\"\n\t\t\ttype=\"button\"\n\t\t\taria-haspopup=\"dialog\"\n\t\t\taria-label=\"Ampliar\"\n\t\t\tdata-wp-init=\"callbacks.initTriggerButton\"\n\t\t\tdata-wp-on--click=\"actions.showLightbox\"\n\t\t\tdata-wp-style--right=\"state.imageButtonRight\"\n\t\t\tdata-wp-style--top=\"state.imageButtonTop\"\n\t\t>\n\t\t\t<svg xmlns=\"http:\/\/www.w3.org\/2000\/svg\" width=\"12\" height=\"12\" fill=\"none\" viewBox=\"0 0 12 12\">\n\t\t\t\t<path fill=\"#fff\" d=\"M2 0a2 2 0 0 0-2 2v2h1.5V2a.5.5 0 0 1 .5-.5h2V0H2Zm2 10.5H2a.5.5 0 0 1-.5-.5V8H0v2a2 2 0 0 0 2 2h2v-1.5ZM8 12v-1.5h2a.5.5 0 0 0 .5-.5V8H12v2a2 2 0 0 1-2 2H8Zm2-12a2 2 0 0 1 2 2v2h-1.5V2a.5.5 0 0 0-.5-.5H8V0h2Z\" \/>\n\t\t\t<\/svg>\n\t\t<\/button><figcaption class=\"wp-element-caption\">SESIMBRA _  &#8220;Casa da Serra de Monte Fino&#8221; : Moradia unifamiliar<\/figcaption><\/figure>\n\n\n\n<figure data-wp-context=\"{&quot;imageId&quot;:&quot;69f189cae3502&quot;}\" data-wp-interactive=\"core\/image\" data-wp-key=\"69f189cae3502\" class=\"wp-block-image size-large has-custom-border wp-lightbox-container\" style=\"margin-top:0;margin-right:var(--wp--preset--spacing--medium);margin-bottom:0;margin-left:var(--wp--preset--spacing--medium)\"><img loading=\"lazy\" decoding=\"async\" width=\"1024\" height=\"576\" data-wp-class--hide=\"state.isContentHidden\" data-wp-class--show=\"state.isContentVisible\" data-wp-init=\"callbacks.setButtonStyles\" data-wp-on--click=\"actions.showLightbox\" data-wp-on--load=\"callbacks.setButtonStyles\" data-wp-on-window--resize=\"callbacks.setButtonStyles\" data-id=\"457\" src=\"https:\/\/inquietudearquitetura.pt\/wp-content\/uploads\/2023\/01\/IVONESENDAO_05-1024x576.jpg\" alt=\"\" class=\"wp-image-457\" style=\"border-style:none;border-width:0px;border-top-left-radius:0px;border-top-right-radius:0px;border-bottom-left-radius:0px;border-bottom-right-radius:0px;aspect-ratio:3\/2\" srcset=\"https:\/\/inquietudearquitetura.pt\/wp-content\/uploads\/2023\/01\/IVONESENDAO_05-1024x576.jpg 1024w, https:\/\/inquietudearquitetura.pt\/wp-content\/uploads\/2023\/01\/IVONESENDAO_05-300x169.jpg 300w, https:\/\/inquietudearquitetura.pt\/wp-content\/uploads\/2023\/01\/IVONESENDAO_05-768x432.jpg 768w, https:\/\/inquietudearquitetura.pt\/wp-content\/uploads\/2023\/01\/IVONESENDAO_05-1536x864.jpg 1536w, https:\/\/inquietudearquitetura.pt\/wp-content\/uploads\/2023\/01\/IVONESENDAO_05-2048x1152.jpg 2048w, https:\/\/inquietudearquitetura.pt\/wp-content\/uploads\/2023\/01\/IVONESENDAO_05-2000x1125.jpg 2000w\" sizes=\"auto, (max-width: 1024px) 100vw, 1024px\" \/><button\n\t\t\tclass=\"lightbox-trigger\"\n\t\t\ttype=\"button\"\n\t\t\taria-haspopup=\"dialog\"\n\t\t\taria-label=\"Ampliar\"\n\t\t\tdata-wp-init=\"callbacks.initTriggerButton\"\n\t\t\tdata-wp-on--click=\"actions.showLightbox\"\n\t\t\tdata-wp-style--right=\"state.imageButtonRight\"\n\t\t\tdata-wp-style--top=\"state.imageButtonTop\"\n\t\t>\n\t\t\t<svg xmlns=\"http:\/\/www.w3.org\/2000\/svg\" width=\"12\" height=\"12\" fill=\"none\" viewBox=\"0 0 12 12\">\n\t\t\t\t<path fill=\"#fff\" d=\"M2 0a2 2 0 0 0-2 2v2h1.5V2a.5.5 0 0 1 .5-.5h2V0H2Zm2 10.5H2a.5.5 0 0 1-.5-.5V8H0v2a2 2 0 0 0 2 2h2v-1.5ZM8 12v-1.5h2a.5.5 0 0 0 .5-.5V8H12v2a2 2 0 0 1-2 2H8Zm2-12a2 2 0 0 1 2 2v2h-1.5V2a.5.5 0 0 0-.5-.5H8V0h2Z\" \/>\n\t\t\t<\/svg>\n\t\t<\/button><figcaption class=\"wp-element-caption\">PONTE DE LIMA _ &#8220;Casa do Ribeiro&#8221; : Moradia Unifamiliar<\/figcaption><\/figure>\n\n\n\n<figure data-wp-context=\"{&quot;imageId&quot;:&quot;69f189cae40bc&quot;}\" data-wp-interactive=\"core\/image\" data-wp-key=\"69f189cae40bc\" class=\"wp-block-image size-large has-custom-border wp-lightbox-container\" style=\"margin-top:0;margin-right:var(--wp--preset--spacing--medium);margin-bottom:0;margin-left:var(--wp--preset--spacing--medium)\"><img loading=\"lazy\" decoding=\"async\" width=\"1024\" height=\"576\" data-wp-class--hide=\"state.isContentHidden\" data-wp-class--show=\"state.isContentVisible\" data-wp-init=\"callbacks.setButtonStyles\" data-wp-on--click=\"actions.showLightbox\" data-wp-on--load=\"callbacks.setButtonStyles\" data-wp-on-window--resize=\"callbacks.setButtonStyles\" data-id=\"866\" src=\"https:\/\/inquietudearquitetura.pt\/wp-content\/uploads\/2023\/07\/FD_04-1024x576.jpg\" alt=\"\" class=\"wp-image-866\" style=\"border-style:none;border-width:0px;border-top-left-radius:0px;border-top-right-radius:0px;border-bottom-left-radius:0px;border-bottom-right-radius:0px;aspect-ratio:3\/2\" srcset=\"https:\/\/inquietudearquitetura.pt\/wp-content\/uploads\/2023\/07\/FD_04-1024x576.jpg 1024w, https:\/\/inquietudearquitetura.pt\/wp-content\/uploads\/2023\/07\/FD_04-300x169.jpg 300w, https:\/\/inquietudearquitetura.pt\/wp-content\/uploads\/2023\/07\/FD_04-768x432.jpg 768w, https:\/\/inquietudearquitetura.pt\/wp-content\/uploads\/2023\/07\/FD_04-1536x864.jpg 1536w, https:\/\/inquietudearquitetura.pt\/wp-content\/uploads\/2023\/07\/FD_04-2048x1152.jpg 2048w, https:\/\/inquietudearquitetura.pt\/wp-content\/uploads\/2023\/07\/FD_04-2000x1125.jpg 2000w\" sizes=\"auto, (max-width: 1024px) 100vw, 1024px\" \/><button\n\t\t\tclass=\"lightbox-trigger\"\n\t\t\ttype=\"button\"\n\t\t\taria-haspopup=\"dialog\"\n\t\t\taria-label=\"Ampliar\"\n\t\t\tdata-wp-init=\"callbacks.initTriggerButton\"\n\t\t\tdata-wp-on--click=\"actions.showLightbox\"\n\t\t\tdata-wp-style--right=\"state.imageButtonRight\"\n\t\t\tdata-wp-style--top=\"state.imageButtonTop\"\n\t\t>\n\t\t\t<svg xmlns=\"http:\/\/www.w3.org\/2000\/svg\" width=\"12\" height=\"12\" fill=\"none\" viewBox=\"0 0 12 12\">\n\t\t\t\t<path fill=\"#fff\" d=\"M2 0a2 2 0 0 0-2 2v2h1.5V2a.5.5 0 0 1 .5-.5h2V0H2Zm2 10.5H2a.5.5 0 0 1-.5-.5V8H0v2a2 2 0 0 0 2 2h2v-1.5ZM8 12v-1.5h2a.5.5 0 0 0 .5-.5V8H12v2a2 2 0 0 1-2 2H8Zm2-12a2 2 0 0 1 2 2v2h-1.5V2a.5.5 0 0 0-.5-.5H8V0h2Z\" \/>\n\t\t\t<\/svg>\n\t\t<\/button><figcaption class=\"wp-element-caption\">AZEIT\u00c3O _&#8221;Casa da Oliveirinha&#8221; : Moradia unifamiliar<\/figcaption><\/figure>\n\n\n\n<figure data-wp-context=\"{&quot;imageId&quot;:&quot;69f189cae4cc5&quot;}\" data-wp-interactive=\"core\/image\" data-wp-key=\"69f189cae4cc5\" class=\"wp-block-image size-large has-custom-border wp-lightbox-container\" style=\"margin-top:0;margin-right:var(--wp--preset--spacing--medium);margin-bottom:0;margin-left:var(--wp--preset--spacing--medium)\"><img loading=\"lazy\" decoding=\"async\" width=\"1024\" height=\"575\" data-wp-class--hide=\"state.isContentHidden\" data-wp-class--show=\"state.isContentVisible\" data-wp-init=\"callbacks.setButtonStyles\" data-wp-on--click=\"actions.showLightbox\" data-wp-on--load=\"callbacks.setButtonStyles\" data-wp-on-window--resize=\"callbacks.setButtonStyles\" data-id=\"1183\" src=\"https:\/\/inquietudearquitetura.pt\/wp-content\/uploads\/2023\/12\/16-1024x575.jpg\" alt=\"\" class=\"wp-image-1183\" style=\"border-style:none;border-width:0px;border-top-left-radius:0px;border-top-right-radius:0px;border-bottom-left-radius:0px;border-bottom-right-radius:0px;aspect-ratio:3\/2\" srcset=\"https:\/\/inquietudearquitetura.pt\/wp-content\/uploads\/2023\/12\/16-1024x575.jpg 1024w, https:\/\/inquietudearquitetura.pt\/wp-content\/uploads\/2023\/12\/16-300x169.jpg 300w, https:\/\/inquietudearquitetura.pt\/wp-content\/uploads\/2023\/12\/16-2000x1124.jpg 2000w\" sizes=\"auto, (max-width: 1024px) 100vw, 1024px\" \/><button\n\t\t\tclass=\"lightbox-trigger\"\n\t\t\ttype=\"button\"\n\t\t\taria-haspopup=\"dialog\"\n\t\t\taria-label=\"Ampliar\"\n\t\t\tdata-wp-init=\"callbacks.initTriggerButton\"\n\t\t\tdata-wp-on--click=\"actions.showLightbox\"\n\t\t\tdata-wp-style--right=\"state.imageButtonRight\"\n\t\t\tdata-wp-style--top=\"state.imageButtonTop\"\n\t\t>\n\t\t\t<svg xmlns=\"http:\/\/www.w3.org\/2000\/svg\" width=\"12\" height=\"12\" fill=\"none\" viewBox=\"0 0 12 12\">\n\t\t\t\t<path fill=\"#fff\" d=\"M2 0a2 2 0 0 0-2 2v2h1.5V2a.5.5 0 0 1 .5-.5h2V0H2Zm2 10.5H2a.5.5 0 0 1-.5-.5V8H0v2a2 2 0 0 0 2 2h2v-1.5ZM8 12v-1.5h2a.5.5 0 0 0 .5-.5V8H12v2a2 2 0 0 1-2 2H8Zm2-12a2 2 0 0 1 2 2v2h-1.5V2a.5.5 0 0 0-.5-.5H8V0h2Z\" \/>\n\t\t\t<\/svg>\n\t\t<\/button><figcaption class=\"wp-element-caption\">SESIMBRA _ &#8220;Casa da Serra da Estrela&#8221; : Moradia unifamiliar<\/figcaption><\/figure>\n\n\n\n<figure data-wp-context=\"{&quot;imageId&quot;:&quot;69f189cae5a45&quot;}\" data-wp-interactive=\"core\/image\" data-wp-key=\"69f189cae5a45\" class=\"wp-block-image size-large has-custom-border wp-lightbox-container\" style=\"margin-top:0;margin-right:var(--wp--preset--spacing--medium);margin-bottom:0;margin-left:var(--wp--preset--spacing--medium)\"><img loading=\"lazy\" decoding=\"async\" width=\"1024\" height=\"576\" data-wp-class--hide=\"state.isContentHidden\" data-wp-class--show=\"state.isContentVisible\" data-wp-init=\"callbacks.setButtonStyles\" data-wp-on--click=\"actions.showLightbox\" data-wp-on--load=\"callbacks.setButtonStyles\" data-wp-on-window--resize=\"callbacks.setButtonStyles\" data-id=\"1670\" src=\"https:\/\/inquietudearquitetura.pt\/wp-content\/uploads\/2024\/09\/ext-2a-1024x576.jpg\" alt=\"\" class=\"wp-image-1670\" style=\"border-style:none;border-width:0px;border-top-left-radius:0px;border-top-right-radius:0px;border-bottom-left-radius:0px;border-bottom-right-radius:0px;aspect-ratio:3\/2\" srcset=\"https:\/\/inquietudearquitetura.pt\/wp-content\/uploads\/2024\/09\/ext-2a-1024x576.jpg 1024w, https:\/\/inquietudearquitetura.pt\/wp-content\/uploads\/2024\/09\/ext-2a-300x169.jpg 300w, https:\/\/inquietudearquitetura.pt\/wp-content\/uploads\/2024\/09\/ext-2a-2000x1125.jpg 2000w\" sizes=\"auto, (max-width: 1024px) 100vw, 1024px\" \/><button\n\t\t\tclass=\"lightbox-trigger\"\n\t\t\ttype=\"button\"\n\t\t\taria-haspopup=\"dialog\"\n\t\t\taria-label=\"Ampliar\"\n\t\t\tdata-wp-init=\"callbacks.initTriggerButton\"\n\t\t\tdata-wp-on--click=\"actions.showLightbox\"\n\t\t\tdata-wp-style--right=\"state.imageButtonRight\"\n\t\t\tdata-wp-style--top=\"state.imageButtonTop\"\n\t\t>\n\t\t\t<svg xmlns=\"http:\/\/www.w3.org\/2000\/svg\" width=\"12\" height=\"12\" fill=\"none\" viewBox=\"0 0 12 12\">\n\t\t\t\t<path fill=\"#fff\" d=\"M2 0a2 2 0 0 0-2 2v2h1.5V2a.5.5 0 0 1 .5-.5h2V0H2Zm2 10.5H2a.5.5 0 0 1-.5-.5V8H0v2a2 2 0 0 0 2 2h2v-1.5ZM8 12v-1.5h2a.5.5 0 0 0 .5-.5V8H12v2a2 2 0 0 1-2 2H8Zm2-12a2 2 0 0 1 2 2v2h-1.5V2a.5.5 0 0 0-.5-.5H8V0h2Z\" \/>\n\t\t\t<\/svg>\n\t\t<\/button><figcaption class=\"wp-element-caption\">SEIXAL _ &#8220;Casa de Vila Alegre&#8221; : Moradia unifamiliar<\/figcaption><\/figure>\n\n\n\n<figure data-wp-context=\"{&quot;imageId&quot;:&quot;69f189cae6768&quot;}\" data-wp-interactive=\"core\/image\" data-wp-key=\"69f189cae6768\" class=\"wp-block-image size-large has-custom-border wp-lightbox-container\" style=\"margin-top:0;margin-right:var(--wp--preset--spacing--medium);margin-bottom:0;margin-left:var(--wp--preset--spacing--medium)\"><img loading=\"lazy\" decoding=\"async\" width=\"1024\" height=\"576\" data-wp-class--hide=\"state.isContentHidden\" data-wp-class--show=\"state.isContentVisible\" data-wp-init=\"callbacks.setButtonStyles\" data-wp-on--click=\"actions.showLightbox\" data-wp-on--load=\"callbacks.setButtonStyles\" data-wp-on-window--resize=\"callbacks.setButtonStyles\" data-id=\"465\" src=\"https:\/\/inquietudearquitetura.pt\/wp-content\/uploads\/2023\/01\/PEDRO_MARQUES_5-1024x576.jpg\" alt=\"\" class=\"wp-image-465\" style=\"border-style:none;border-width:0px;border-top-left-radius:0px;border-top-right-radius:0px;border-bottom-left-radius:0px;border-bottom-right-radius:0px;aspect-ratio:3\/2\" srcset=\"https:\/\/inquietudearquitetura.pt\/wp-content\/uploads\/2023\/01\/PEDRO_MARQUES_5-1024x576.jpg 1024w, https:\/\/inquietudearquitetura.pt\/wp-content\/uploads\/2023\/01\/PEDRO_MARQUES_5-300x169.jpg 300w, https:\/\/inquietudearquitetura.pt\/wp-content\/uploads\/2023\/01\/PEDRO_MARQUES_5-768x432.jpg 768w, https:\/\/inquietudearquitetura.pt\/wp-content\/uploads\/2023\/01\/PEDRO_MARQUES_5-1536x864.jpg 1536w, https:\/\/inquietudearquitetura.pt\/wp-content\/uploads\/2023\/01\/PEDRO_MARQUES_5-2048x1152.jpg 2048w, https:\/\/inquietudearquitetura.pt\/wp-content\/uploads\/2023\/01\/PEDRO_MARQUES_5-2000x1125.jpg 2000w\" sizes=\"auto, (max-width: 1024px) 100vw, 1024px\" \/><button\n\t\t\tclass=\"lightbox-trigger\"\n\t\t\ttype=\"button\"\n\t\t\taria-haspopup=\"dialog\"\n\t\t\taria-label=\"Ampliar\"\n\t\t\tdata-wp-init=\"callbacks.initTriggerButton\"\n\t\t\tdata-wp-on--click=\"actions.showLightbox\"\n\t\t\tdata-wp-style--right=\"state.imageButtonRight\"\n\t\t\tdata-wp-style--top=\"state.imageButtonTop\"\n\t\t>\n\t\t\t<svg xmlns=\"http:\/\/www.w3.org\/2000\/svg\" width=\"12\" height=\"12\" fill=\"none\" viewBox=\"0 0 12 12\">\n\t\t\t\t<path fill=\"#fff\" d=\"M2 0a2 2 0 0 0-2 2v2h1.5V2a.5.5 0 0 1 .5-.5h2V0H2Zm2 10.5H2a.5.5 0 0 1-.5-.5V8H0v2a2 2 0 0 0 2 2h2v-1.5ZM8 12v-1.5h2a.5.5 0 0 0 .5-.5V8H12v2a2 2 0 0 1-2 2H8Zm2-12a2 2 0 0 1 2 2v2h-1.5V2a.5.5 0 0 0-.5-.5H8V0h2Z\" \/>\n\t\t\t<\/svg>\n\t\t<\/button><figcaption class=\"wp-element-caption\">OEIRAS _ &#8220;Casa de Leceia&#8221; : Moradia unifamiliar<\/figcaption><\/figure>\n\n\n\n<figure data-wp-context=\"{&quot;imageId&quot;:&quot;69f189cae70d9&quot;}\" data-wp-interactive=\"core\/image\" data-wp-key=\"69f189cae70d9\" class=\"wp-block-image size-large has-custom-border wp-lightbox-container\" style=\"margin-top:0;margin-right:var(--wp--preset--spacing--medium);margin-bottom:0;margin-left:var(--wp--preset--spacing--medium)\"><img loading=\"lazy\" decoding=\"async\" width=\"1024\" height=\"737\" data-wp-class--hide=\"state.isContentHidden\" data-wp-class--show=\"state.isContentVisible\" data-wp-init=\"callbacks.setButtonStyles\" data-wp-on--click=\"actions.showLightbox\" data-wp-on--load=\"callbacks.setButtonStyles\" data-wp-on-window--resize=\"callbacks.setButtonStyles\" data-id=\"430\" src=\"https:\/\/inquietudearquitetura.pt\/wp-content\/uploads\/2023\/01\/VITOR_SOUSA_2-1024x737.jpg\" alt=\"\" class=\"wp-image-430\" style=\"border-style:none;border-width:0px;border-top-left-radius:0px;border-top-right-radius:0px;border-bottom-left-radius:0px;border-bottom-right-radius:0px;aspect-ratio:3\/2\" srcset=\"https:\/\/inquietudearquitetura.pt\/wp-content\/uploads\/2023\/01\/VITOR_SOUSA_2-1024x737.jpg 1024w, https:\/\/inquietudearquitetura.pt\/wp-content\/uploads\/2023\/01\/VITOR_SOUSA_2-300x216.jpg 300w, https:\/\/inquietudearquitetura.pt\/wp-content\/uploads\/2023\/01\/VITOR_SOUSA_2-768x553.jpg 768w, https:\/\/inquietudearquitetura.pt\/wp-content\/uploads\/2023\/01\/VITOR_SOUSA_2-1536x1106.jpg 1536w, https:\/\/inquietudearquitetura.pt\/wp-content\/uploads\/2023\/01\/VITOR_SOUSA_2-2048x1475.jpg 2048w, https:\/\/inquietudearquitetura.pt\/wp-content\/uploads\/2023\/01\/VITOR_SOUSA_2-2000x1440.jpg 2000w\" sizes=\"auto, (max-width: 1024px) 100vw, 1024px\" \/><button\n\t\t\tclass=\"lightbox-trigger\"\n\t\t\ttype=\"button\"\n\t\t\taria-haspopup=\"dialog\"\n\t\t\taria-label=\"Ampliar\"\n\t\t\tdata-wp-init=\"callbacks.initTriggerButton\"\n\t\t\tdata-wp-on--click=\"actions.showLightbox\"\n\t\t\tdata-wp-style--right=\"state.imageButtonRight\"\n\t\t\tdata-wp-style--top=\"state.imageButtonTop\"\n\t\t>\n\t\t\t<svg xmlns=\"http:\/\/www.w3.org\/2000\/svg\" width=\"12\" height=\"12\" fill=\"none\" viewBox=\"0 0 12 12\">\n\t\t\t\t<path fill=\"#fff\" d=\"M2 0a2 2 0 0 0-2 2v2h1.5V2a.5.5 0 0 1 .5-.5h2V0H2Zm2 10.5H2a.5.5 0 0 1-.5-.5V8H0v2a2 2 0 0 0 2 2h2v-1.5ZM8 12v-1.5h2a.5.5 0 0 0 .5-.5V8H12v2a2 2 0 0 1-2 2H8Zm2-12a2 2 0 0 1 2 2v2h-1.5V2a.5.5 0 0 0-.5-.5H8V0h2Z\" \/>\n\t\t\t<\/svg>\n\t\t<\/button><figcaption class=\"wp-element-caption\">SINTRA _ &#8220;Casa da Serra&#8221; : Moradia unifamiliar<\/figcaption><\/figure>\n\n\n\n<figure data-wp-context=\"{&quot;imageId&quot;:&quot;69f189cae7a96&quot;}\" data-wp-interactive=\"core\/image\" data-wp-key=\"69f189cae7a96\" class=\"wp-block-image size-large has-custom-border wp-lightbox-container\" style=\"margin-top:0;margin-right:var(--wp--preset--spacing--medium);margin-bottom:0;margin-left:var(--wp--preset--spacing--medium)\"><img loading=\"lazy\" decoding=\"async\" width=\"1024\" height=\"576\" data-wp-class--hide=\"state.isContentHidden\" data-wp-class--show=\"state.isContentVisible\" data-wp-init=\"callbacks.setButtonStyles\" data-wp-on--click=\"actions.showLightbox\" data-wp-on--load=\"callbacks.setButtonStyles\" data-wp-on-window--resize=\"callbacks.setButtonStyles\" data-id=\"459\" src=\"https:\/\/inquietudearquitetura.pt\/wp-content\/uploads\/2023\/01\/MA_02-1024x576.jpg\" alt=\"\" class=\"wp-image-459\" style=\"border-style:none;border-width:0px;border-top-left-radius:0px;border-top-right-radius:0px;border-bottom-left-radius:0px;border-bottom-right-radius:0px;aspect-ratio:3\/2\" srcset=\"https:\/\/inquietudearquitetura.pt\/wp-content\/uploads\/2023\/01\/MA_02-1024x576.jpg 1024w, https:\/\/inquietudearquitetura.pt\/wp-content\/uploads\/2023\/01\/MA_02-300x169.jpg 300w, https:\/\/inquietudearquitetura.pt\/wp-content\/uploads\/2023\/01\/MA_02-768x432.jpg 768w, https:\/\/inquietudearquitetura.pt\/wp-content\/uploads\/2023\/01\/MA_02-1536x864.jpg 1536w, https:\/\/inquietudearquitetura.pt\/wp-content\/uploads\/2023\/01\/MA_02-2048x1152.jpg 2048w, https:\/\/inquietudearquitetura.pt\/wp-content\/uploads\/2023\/01\/MA_02-2000x1125.jpg 2000w\" sizes=\"auto, (max-width: 1024px) 100vw, 1024px\" \/><button\n\t\t\tclass=\"lightbox-trigger\"\n\t\t\ttype=\"button\"\n\t\t\taria-haspopup=\"dialog\"\n\t\t\taria-label=\"Ampliar\"\n\t\t\tdata-wp-init=\"callbacks.initTriggerButton\"\n\t\t\tdata-wp-on--click=\"actions.showLightbox\"\n\t\t\tdata-wp-style--right=\"state.imageButtonRight\"\n\t\t\tdata-wp-style--top=\"state.imageButtonTop\"\n\t\t>\n\t\t\t<svg xmlns=\"http:\/\/www.w3.org\/2000\/svg\" width=\"12\" height=\"12\" fill=\"none\" viewBox=\"0 0 12 12\">\n\t\t\t\t<path fill=\"#fff\" d=\"M2 0a2 2 0 0 0-2 2v2h1.5V2a.5.5 0 0 1 .5-.5h2V0H2Zm2 10.5H2a.5.5 0 0 1-.5-.5V8H0v2a2 2 0 0 0 2 2h2v-1.5ZM8 12v-1.5h2a.5.5 0 0 0 .5-.5V8H12v2a2 2 0 0 1-2 2H8Zm2-12a2 2 0 0 1 2 2v2h-1.5V2a.5.5 0 0 0-.5-.5H8V0h2Z\" \/>\n\t\t\t<\/svg>\n\t\t<\/button><figcaption class=\"wp-element-caption\">OEIRAS _ &#8220;Casa dos Ventos&#8221; : Moradia unifamiliar <\/figcaption><\/figure>\n\n\n\n<figure data-wp-context=\"{&quot;imageId&quot;:&quot;69f189cae83dc&quot;}\" data-wp-interactive=\"core\/image\" data-wp-key=\"69f189cae83dc\" class=\"wp-block-image size-large has-custom-border wp-lightbox-container\" style=\"margin-top:0;margin-right:var(--wp--preset--spacing--medium);margin-bottom:0;margin-left:var(--wp--preset--spacing--medium)\"><img loading=\"lazy\" decoding=\"async\" width=\"1024\" height=\"576\" data-wp-class--hide=\"state.isContentHidden\" data-wp-class--show=\"state.isContentVisible\" data-wp-init=\"callbacks.setButtonStyles\" data-wp-on--click=\"actions.showLightbox\" data-wp-on--load=\"callbacks.setButtonStyles\" data-wp-on-window--resize=\"callbacks.setButtonStyles\" data-id=\"432\" src=\"https:\/\/inquietudearquitetura.pt\/wp-content\/uploads\/2023\/01\/22-1024x576.jpg\" alt=\"\" class=\"wp-image-432\" style=\"border-style:none;border-width:0px;border-top-left-radius:0px;border-top-right-radius:0px;border-bottom-left-radius:0px;border-bottom-right-radius:0px;aspect-ratio:3\/2\" srcset=\"https:\/\/inquietudearquitetura.pt\/wp-content\/uploads\/2023\/01\/22-1024x576.jpg 1024w, https:\/\/inquietudearquitetura.pt\/wp-content\/uploads\/2023\/01\/22-300x169.jpg 300w, https:\/\/inquietudearquitetura.pt\/wp-content\/uploads\/2023\/01\/22-768x432.jpg 768w, https:\/\/inquietudearquitetura.pt\/wp-content\/uploads\/2023\/01\/22-1536x864.jpg 1536w, https:\/\/inquietudearquitetura.pt\/wp-content\/uploads\/2023\/01\/22-2048x1152.jpg 2048w, https:\/\/inquietudearquitetura.pt\/wp-content\/uploads\/2023\/01\/22-2000x1125.jpg 2000w\" sizes=\"auto, (max-width: 1024px) 100vw, 1024px\" \/><button\n\t\t\tclass=\"lightbox-trigger\"\n\t\t\ttype=\"button\"\n\t\t\taria-haspopup=\"dialog\"\n\t\t\taria-label=\"Ampliar\"\n\t\t\tdata-wp-init=\"callbacks.initTriggerButton\"\n\t\t\tdata-wp-on--click=\"actions.showLightbox\"\n\t\t\tdata-wp-style--right=\"state.imageButtonRight\"\n\t\t\tdata-wp-style--top=\"state.imageButtonTop\"\n\t\t>\n\t\t\t<svg xmlns=\"http:\/\/www.w3.org\/2000\/svg\" width=\"12\" height=\"12\" fill=\"none\" viewBox=\"0 0 12 12\">\n\t\t\t\t<path fill=\"#fff\" d=\"M2 0a2 2 0 0 0-2 2v2h1.5V2a.5.5 0 0 1 .5-.5h2V0H2Zm2 10.5H2a.5.5 0 0 1-.5-.5V8H0v2a2 2 0 0 0 2 2h2v-1.5ZM8 12v-1.5h2a.5.5 0 0 0 .5-.5V8H12v2a2 2 0 0 1-2 2H8Zm2-12a2 2 0 0 1 2 2v2h-1.5V2a.5.5 0 0 0-.5-.5H8V0h2Z\" \/>\n\t\t\t<\/svg>\n\t\t<\/button><figcaption class=\"wp-element-caption\">OEIRAS _ &#8220;Casa da Choca&#8221; : Moradia unifamiliar<\/figcaption><\/figure>\n\n\n\n<figure data-wp-context=\"{&quot;imageId&quot;:&quot;69f189cae8e5a&quot;}\" data-wp-interactive=\"core\/image\" data-wp-key=\"69f189cae8e5a\" class=\"wp-block-image size-large has-custom-border wp-lightbox-container\" style=\"margin-top:0;margin-right:var(--wp--preset--spacing--medium);margin-bottom:0;margin-left:var(--wp--preset--spacing--medium)\"><img loading=\"lazy\" decoding=\"async\" width=\"1024\" height=\"575\" data-wp-class--hide=\"state.isContentHidden\" data-wp-class--show=\"state.isContentVisible\" data-wp-init=\"callbacks.setButtonStyles\" data-wp-on--click=\"actions.showLightbox\" data-wp-on--load=\"callbacks.setButtonStyles\" data-wp-on-window--resize=\"callbacks.setButtonStyles\" data-id=\"1776\" src=\"https:\/\/inquietudearquitetura.pt\/wp-content\/uploads\/2024\/12\/EXT-5-a-1024x575.jpg\" alt=\"\" class=\"wp-image-1776\" style=\"border-style:none;border-width:0px;border-top-left-radius:0px;border-top-right-radius:0px;border-bottom-left-radius:0px;border-bottom-right-radius:0px;aspect-ratio:3\/2\" srcset=\"https:\/\/inquietudearquitetura.pt\/wp-content\/uploads\/2024\/12\/EXT-5-a-1024x575.jpg 1024w, https:\/\/inquietudearquitetura.pt\/wp-content\/uploads\/2024\/12\/EXT-5-a-300x169.jpg 300w, https:\/\/inquietudearquitetura.pt\/wp-content\/uploads\/2024\/12\/EXT-5-a-2000x1124.jpg 2000w\" sizes=\"auto, (max-width: 1024px) 100vw, 1024px\" \/><button\n\t\t\tclass=\"lightbox-trigger\"\n\t\t\ttype=\"button\"\n\t\t\taria-haspopup=\"dialog\"\n\t\t\taria-label=\"Ampliar\"\n\t\t\tdata-wp-init=\"callbacks.initTriggerButton\"\n\t\t\tdata-wp-on--click=\"actions.showLightbox\"\n\t\t\tdata-wp-style--right=\"state.imageButtonRight\"\n\t\t\tdata-wp-style--top=\"state.imageButtonTop\"\n\t\t>\n\t\t\t<svg xmlns=\"http:\/\/www.w3.org\/2000\/svg\" width=\"12\" height=\"12\" fill=\"none\" viewBox=\"0 0 12 12\">\n\t\t\t\t<path fill=\"#fff\" d=\"M2 0a2 2 0 0 0-2 2v2h1.5V2a.5.5 0 0 1 .5-.5h2V0H2Zm2 10.5H2a.5.5 0 0 1-.5-.5V8H0v2a2 2 0 0 0 2 2h2v-1.5ZM8 12v-1.5h2a.5.5 0 0 0 .5-.5V8H12v2a2 2 0 0 1-2 2H8Zm2-12a2 2 0 0 1 2 2v2h-1.5V2a.5.5 0 0 0-.5-.5H8V0h2Z\" \/>\n\t\t\t<\/svg>\n\t\t<\/button><figcaption class=\"wp-element-caption\">VILA NOVA DE GAIA _ &#8220;Casa do Pain\u00e7al&#8221; : Moradia unifamiliar<\/figcaption><\/figure>\n\n\n\n<figure data-wp-context=\"{&quot;imageId&quot;:&quot;69f189cae98ea&quot;}\" data-wp-interactive=\"core\/image\" data-wp-key=\"69f189cae98ea\" class=\"wp-block-image size-large has-custom-border wp-lightbox-container\" style=\"margin-top:0;margin-right:var(--wp--preset--spacing--medium);margin-bottom:0;margin-left:var(--wp--preset--spacing--medium)\"><img loading=\"lazy\" decoding=\"async\" width=\"1024\" height=\"576\" data-wp-class--hide=\"state.isContentHidden\" data-wp-class--show=\"state.isContentVisible\" data-wp-init=\"callbacks.setButtonStyles\" data-wp-on--click=\"actions.showLightbox\" data-wp-on--load=\"callbacks.setButtonStyles\" data-wp-on-window--resize=\"callbacks.setButtonStyles\" data-id=\"462\" src=\"https:\/\/inquietudearquitetura.pt\/wp-content\/uploads\/2023\/01\/MIGUEL-VALERIO_1-1024x576.jpg\" alt=\"\" class=\"wp-image-462\" style=\"border-style:none;border-width:0px;border-top-left-radius:0px;border-top-right-radius:0px;border-bottom-left-radius:0px;border-bottom-right-radius:0px;aspect-ratio:3\/2\" srcset=\"https:\/\/inquietudearquitetura.pt\/wp-content\/uploads\/2023\/01\/MIGUEL-VALERIO_1-1024x576.jpg 1024w, https:\/\/inquietudearquitetura.pt\/wp-content\/uploads\/2023\/01\/MIGUEL-VALERIO_1-300x169.jpg 300w, https:\/\/inquietudearquitetura.pt\/wp-content\/uploads\/2023\/01\/MIGUEL-VALERIO_1-768x432.jpg 768w, https:\/\/inquietudearquitetura.pt\/wp-content\/uploads\/2023\/01\/MIGUEL-VALERIO_1-1536x864.jpg 1536w, https:\/\/inquietudearquitetura.pt\/wp-content\/uploads\/2023\/01\/MIGUEL-VALERIO_1-2048x1152.jpg 2048w, https:\/\/inquietudearquitetura.pt\/wp-content\/uploads\/2023\/01\/MIGUEL-VALERIO_1-2000x1125.jpg 2000w\" sizes=\"auto, (max-width: 1024px) 100vw, 1024px\" \/><button\n\t\t\tclass=\"lightbox-trigger\"\n\t\t\ttype=\"button\"\n\t\t\taria-haspopup=\"dialog\"\n\t\t\taria-label=\"Ampliar\"\n\t\t\tdata-wp-init=\"callbacks.initTriggerButton\"\n\t\t\tdata-wp-on--click=\"actions.showLightbox\"\n\t\t\tdata-wp-style--right=\"state.imageButtonRight\"\n\t\t\tdata-wp-style--top=\"state.imageButtonTop\"\n\t\t>\n\t\t\t<svg xmlns=\"http:\/\/www.w3.org\/2000\/svg\" width=\"12\" height=\"12\" fill=\"none\" viewBox=\"0 0 12 12\">\n\t\t\t\t<path fill=\"#fff\" d=\"M2 0a2 2 0 0 0-2 2v2h1.5V2a.5.5 0 0 1 .5-.5h2V0H2Zm2 10.5H2a.5.5 0 0 1-.5-.5V8H0v2a2 2 0 0 0 2 2h2v-1.5ZM8 12v-1.5h2a.5.5 0 0 0 .5-.5V8H12v2a2 2 0 0 1-2 2H8Zm2-12a2 2 0 0 1 2 2v2h-1.5V2a.5.5 0 0 0-.5-.5H8V0h2Z\" \/>\n\t\t\t<\/svg>\n\t\t<\/button><figcaption class=\"wp-element-caption\">CASCAIS _ &#8220;Casa das Longas&#8221; : Moradia unifamiliar <\/figcaption><\/figure>\n\n\n\n<figure data-wp-context=\"{&quot;imageId&quot;:&quot;69f189caea7ea&quot;}\" data-wp-interactive=\"core\/image\" data-wp-key=\"69f189caea7ea\" class=\"wp-block-image size-large has-custom-border wp-lightbox-container\" style=\"margin-top:0;margin-right:var(--wp--preset--spacing--medium);margin-bottom:0;margin-left:var(--wp--preset--spacing--medium)\"><img loading=\"lazy\" decoding=\"async\" width=\"1024\" height=\"576\" data-wp-class--hide=\"state.isContentHidden\" data-wp-class--show=\"state.isContentVisible\" data-wp-init=\"callbacks.setButtonStyles\" data-wp-on--click=\"actions.showLightbox\" data-wp-on--load=\"callbacks.setButtonStyles\" data-wp-on-window--resize=\"callbacks.setButtonStyles\" data-id=\"461\" src=\"https:\/\/inquietudearquitetura.pt\/wp-content\/uploads\/2023\/01\/MARTA_8-1024x576.jpg\" alt=\"\" class=\"wp-image-461\" style=\"border-style:none;border-width:0px;border-top-left-radius:0px;border-top-right-radius:0px;border-bottom-left-radius:0px;border-bottom-right-radius:0px;aspect-ratio:3\/2\" srcset=\"https:\/\/inquietudearquitetura.pt\/wp-content\/uploads\/2023\/01\/MARTA_8-1024x576.jpg 1024w, https:\/\/inquietudearquitetura.pt\/wp-content\/uploads\/2023\/01\/MARTA_8-300x169.jpg 300w, https:\/\/inquietudearquitetura.pt\/wp-content\/uploads\/2023\/01\/MARTA_8-768x432.jpg 768w, https:\/\/inquietudearquitetura.pt\/wp-content\/uploads\/2023\/01\/MARTA_8-1536x864.jpg 1536w, https:\/\/inquietudearquitetura.pt\/wp-content\/uploads\/2023\/01\/MARTA_8-2048x1152.jpg 2048w, https:\/\/inquietudearquitetura.pt\/wp-content\/uploads\/2023\/01\/MARTA_8-2000x1125.jpg 2000w\" sizes=\"auto, (max-width: 1024px) 100vw, 1024px\" \/><button\n\t\t\tclass=\"lightbox-trigger\"\n\t\t\ttype=\"button\"\n\t\t\taria-haspopup=\"dialog\"\n\t\t\taria-label=\"Ampliar\"\n\t\t\tdata-wp-init=\"callbacks.initTriggerButton\"\n\t\t\tdata-wp-on--click=\"actions.showLightbox\"\n\t\t\tdata-wp-style--right=\"state.imageButtonRight\"\n\t\t\tdata-wp-style--top=\"state.imageButtonTop\"\n\t\t>\n\t\t\t<svg xmlns=\"http:\/\/www.w3.org\/2000\/svg\" width=\"12\" height=\"12\" fill=\"none\" viewBox=\"0 0 12 12\">\n\t\t\t\t<path fill=\"#fff\" d=\"M2 0a2 2 0 0 0-2 2v2h1.5V2a.5.5 0 0 1 .5-.5h2V0H2Zm2 10.5H2a.5.5 0 0 1-.5-.5V8H0v2a2 2 0 0 0 2 2h2v-1.5ZM8 12v-1.5h2a.5.5 0 0 0 .5-.5V8H12v2a2 2 0 0 1-2 2H8Zm2-12a2 2 0 0 1 2 2v2h-1.5V2a.5.5 0 0 0-.5-.5H8V0h2Z\" \/>\n\t\t\t<\/svg>\n\t\t<\/button><figcaption class=\"wp-element-caption\">OEIRAS _ &#8220;Casa da Ramada&#8221; : Moradia unifamiliar<\/figcaption><\/figure>\n\n\n\n<figure data-wp-context=\"{&quot;imageId&quot;:&quot;69f189caeb764&quot;}\" data-wp-interactive=\"core\/image\" data-wp-key=\"69f189caeb764\" class=\"wp-block-image size-large has-custom-border wp-lightbox-container\" style=\"margin-top:0;margin-right:var(--wp--preset--spacing--medium);margin-bottom:0;margin-left:var(--wp--preset--spacing--medium)\"><img loading=\"lazy\" decoding=\"async\" width=\"1024\" height=\"669\" data-wp-class--hide=\"state.isContentHidden\" data-wp-class--show=\"state.isContentVisible\" data-wp-init=\"callbacks.setButtonStyles\" data-wp-on--click=\"actions.showLightbox\" data-wp-on--load=\"callbacks.setButtonStyles\" data-wp-on-window--resize=\"callbacks.setButtonStyles\" data-id=\"450\" src=\"https:\/\/inquietudearquitetura.pt\/wp-content\/uploads\/2023\/01\/B1-1024x669.jpg\" alt=\"\" class=\"wp-image-450\" style=\"border-style:none;border-width:0px;border-top-left-radius:0px;border-top-right-radius:0px;border-bottom-left-radius:0px;border-bottom-right-radius:0px;aspect-ratio:3\/2\" srcset=\"https:\/\/inquietudearquitetura.pt\/wp-content\/uploads\/2023\/01\/B1-1024x669.jpg 1024w, https:\/\/inquietudearquitetura.pt\/wp-content\/uploads\/2023\/01\/B1-300x196.jpg 300w, https:\/\/inquietudearquitetura.pt\/wp-content\/uploads\/2023\/01\/B1-768x502.jpg 768w, https:\/\/inquietudearquitetura.pt\/wp-content\/uploads\/2023\/01\/B1-1536x1004.jpg 1536w, https:\/\/inquietudearquitetura.pt\/wp-content\/uploads\/2023\/01\/B1-2048x1339.jpg 2048w, https:\/\/inquietudearquitetura.pt\/wp-content\/uploads\/2023\/01\/B1-2000x1307.jpg 2000w\" sizes=\"auto, (max-width: 1024px) 100vw, 1024px\" \/><button\n\t\t\tclass=\"lightbox-trigger\"\n\t\t\ttype=\"button\"\n\t\t\taria-haspopup=\"dialog\"\n\t\t\taria-label=\"Ampliar\"\n\t\t\tdata-wp-init=\"callbacks.initTriggerButton\"\n\t\t\tdata-wp-on--click=\"actions.showLightbox\"\n\t\t\tdata-wp-style--right=\"state.imageButtonRight\"\n\t\t\tdata-wp-style--top=\"state.imageButtonTop\"\n\t\t>\n\t\t\t<svg xmlns=\"http:\/\/www.w3.org\/2000\/svg\" width=\"12\" height=\"12\" fill=\"none\" viewBox=\"0 0 12 12\">\n\t\t\t\t<path fill=\"#fff\" d=\"M2 0a2 2 0 0 0-2 2v2h1.5V2a.5.5 0 0 1 .5-.5h2V0H2Zm2 10.5H2a.5.5 0 0 1-.5-.5V8H0v2a2 2 0 0 0 2 2h2v-1.5ZM8 12v-1.5h2a.5.5 0 0 0 .5-.5V8H12v2a2 2 0 0 1-2 2H8Zm2-12a2 2 0 0 1 2 2v2h-1.5V2a.5.5 0 0 0-.5-.5H8V0h2Z\" \/>\n\t\t\t<\/svg>\n\t\t<\/button><figcaption class=\"wp-element-caption\">LOURES _ &#8220;Casa do Horizonte&#8221; : Moradia unifamiliar <\/figcaption><\/figure>\n\n\n\n<figure data-wp-context=\"{&quot;imageId&quot;:&quot;69f189caec4b2&quot;}\" data-wp-interactive=\"core\/image\" data-wp-key=\"69f189caec4b2\" class=\"wp-block-image size-large has-custom-border wp-lightbox-container\" style=\"margin-top:0;margin-right:var(--wp--preset--spacing--medium);margin-bottom:0;margin-left:var(--wp--preset--spacing--medium)\"><img loading=\"lazy\" decoding=\"async\" width=\"1024\" height=\"576\" data-wp-class--hide=\"state.isContentHidden\" data-wp-class--show=\"state.isContentVisible\" data-wp-init=\"callbacks.setButtonStyles\" data-wp-on--click=\"actions.showLightbox\" data-wp-on--load=\"callbacks.setButtonStyles\" data-wp-on-window--resize=\"callbacks.setButtonStyles\" data-id=\"466\" src=\"https:\/\/inquietudearquitetura.pt\/wp-content\/uploads\/2023\/01\/R-1024x576.jpg\" alt=\"\" class=\"wp-image-466\" style=\"border-style:none;border-width:0px;border-top-left-radius:0px;border-top-right-radius:0px;border-bottom-left-radius:0px;border-bottom-right-radius:0px;aspect-ratio:3\/2\" srcset=\"https:\/\/inquietudearquitetura.pt\/wp-content\/uploads\/2023\/01\/R-1024x576.jpg 1024w, https:\/\/inquietudearquitetura.pt\/wp-content\/uploads\/2023\/01\/R-300x169.jpg 300w, https:\/\/inquietudearquitetura.pt\/wp-content\/uploads\/2023\/01\/R-768x432.jpg 768w, https:\/\/inquietudearquitetura.pt\/wp-content\/uploads\/2023\/01\/R-1536x864.jpg 1536w, https:\/\/inquietudearquitetura.pt\/wp-content\/uploads\/2023\/01\/R-2048x1152.jpg 2048w, https:\/\/inquietudearquitetura.pt\/wp-content\/uploads\/2023\/01\/R-2000x1125.jpg 2000w\" sizes=\"auto, (max-width: 1024px) 100vw, 1024px\" \/><button\n\t\t\tclass=\"lightbox-trigger\"\n\t\t\ttype=\"button\"\n\t\t\taria-haspopup=\"dialog\"\n\t\t\taria-label=\"Ampliar\"\n\t\t\tdata-wp-init=\"callbacks.initTriggerButton\"\n\t\t\tdata-wp-on--click=\"actions.showLightbox\"\n\t\t\tdata-wp-style--right=\"state.imageButtonRight\"\n\t\t\tdata-wp-style--top=\"state.imageButtonTop\"\n\t\t>\n\t\t\t<svg xmlns=\"http:\/\/www.w3.org\/2000\/svg\" width=\"12\" height=\"12\" fill=\"none\" viewBox=\"0 0 12 12\">\n\t\t\t\t<path fill=\"#fff\" d=\"M2 0a2 2 0 0 0-2 2v2h1.5V2a.5.5 0 0 1 .5-.5h2V0H2Zm2 10.5H2a.5.5 0 0 1-.5-.5V8H0v2a2 2 0 0 0 2 2h2v-1.5ZM8 12v-1.5h2a.5.5 0 0 0 .5-.5V8H12v2a2 2 0 0 1-2 2H8Zm2-12a2 2 0 0 1 2 2v2h-1.5V2a.5.5 0 0 0-.5-.5H8V0h2Z\" \/>\n\t\t\t<\/svg>\n\t\t<\/button><figcaption class=\"wp-element-caption\">VILA NOVA DE CERVEIRA _ &#8220;Casa de Cap\u00e3o&#8221; : Moradia unifamiliar <\/figcaption><\/figure>\n\n\n\n<figure data-wp-context=\"{&quot;imageId&quot;:&quot;69f189caed472&quot;}\" data-wp-interactive=\"core\/image\" data-wp-key=\"69f189caed472\" class=\"wp-block-image size-large has-custom-border wp-lightbox-container\" style=\"margin-top:0;margin-right:var(--wp--preset--spacing--medium);margin-bottom:0;margin-left:var(--wp--preset--spacing--medium)\"><img loading=\"lazy\" decoding=\"async\" width=\"1024\" height=\"576\" data-wp-class--hide=\"state.isContentHidden\" data-wp-class--show=\"state.isContentVisible\" data-wp-init=\"callbacks.setButtonStyles\" data-wp-on--click=\"actions.showLightbox\" data-wp-on--load=\"callbacks.setButtonStyles\" data-wp-on-window--resize=\"callbacks.setButtonStyles\" data-id=\"460\" src=\"https:\/\/inquietudearquitetura.pt\/wp-content\/uploads\/2023\/01\/MAFALDA_2-1024x576.jpg\" alt=\"\" class=\"wp-image-460\" style=\"border-style:none;border-width:0px;border-top-left-radius:0px;border-top-right-radius:0px;border-bottom-left-radius:0px;border-bottom-right-radius:0px;aspect-ratio:3\/2\" srcset=\"https:\/\/inquietudearquitetura.pt\/wp-content\/uploads\/2023\/01\/MAFALDA_2-1024x576.jpg 1024w, https:\/\/inquietudearquitetura.pt\/wp-content\/uploads\/2023\/01\/MAFALDA_2-300x169.jpg 300w, https:\/\/inquietudearquitetura.pt\/wp-content\/uploads\/2023\/01\/MAFALDA_2-768x432.jpg 768w, https:\/\/inquietudearquitetura.pt\/wp-content\/uploads\/2023\/01\/MAFALDA_2-1536x864.jpg 1536w, https:\/\/inquietudearquitetura.pt\/wp-content\/uploads\/2023\/01\/MAFALDA_2-2048x1152.jpg 2048w, https:\/\/inquietudearquitetura.pt\/wp-content\/uploads\/2023\/01\/MAFALDA_2-2000x1125.jpg 2000w\" sizes=\"auto, (max-width: 1024px) 100vw, 1024px\" \/><button\n\t\t\tclass=\"lightbox-trigger\"\n\t\t\ttype=\"button\"\n\t\t\taria-haspopup=\"dialog\"\n\t\t\taria-label=\"Ampliar\"\n\t\t\tdata-wp-init=\"callbacks.initTriggerButton\"\n\t\t\tdata-wp-on--click=\"actions.showLightbox\"\n\t\t\tdata-wp-style--right=\"state.imageButtonRight\"\n\t\t\tdata-wp-style--top=\"state.imageButtonTop\"\n\t\t>\n\t\t\t<svg xmlns=\"http:\/\/www.w3.org\/2000\/svg\" width=\"12\" height=\"12\" fill=\"none\" viewBox=\"0 0 12 12\">\n\t\t\t\t<path fill=\"#fff\" d=\"M2 0a2 2 0 0 0-2 2v2h1.5V2a.5.5 0 0 1 .5-.5h2V0H2Zm2 10.5H2a.5.5 0 0 1-.5-.5V8H0v2a2 2 0 0 0 2 2h2v-1.5ZM8 12v-1.5h2a.5.5 0 0 0 .5-.5V8H12v2a2 2 0 0 1-2 2H8Zm2-12a2 2 0 0 1 2 2v2h-1.5V2a.5.5 0 0 0-.5-.5H8V0h2Z\" \/>\n\t\t\t<\/svg>\n\t\t<\/button><figcaption class=\"wp-element-caption\">SANTA MARIA DA FEIRA _ &#8220;Casa de Cardielos&#8221; : Moradia unifamiliar<\/figcaption><\/figure>\n\n\n\n<figure data-wp-context=\"{&quot;imageId&quot;:&quot;69f189caedfe7&quot;}\" data-wp-interactive=\"core\/image\" data-wp-key=\"69f189caedfe7\" class=\"wp-block-image size-large has-custom-border wp-lightbox-container\" style=\"margin-top:0;margin-right:var(--wp--preset--spacing--medium);margin-bottom:0;margin-left:var(--wp--preset--spacing--medium)\"><img loading=\"lazy\" decoding=\"async\" width=\"1024\" height=\"576\" data-wp-class--hide=\"state.isContentHidden\" data-wp-class--show=\"state.isContentVisible\" data-wp-init=\"callbacks.setButtonStyles\" data-wp-on--click=\"actions.showLightbox\" data-wp-on--load=\"callbacks.setButtonStyles\" data-wp-on-window--resize=\"callbacks.setButtonStyles\" data-id=\"425\" src=\"https:\/\/inquietudearquitetura.pt\/wp-content\/uploads\/2023\/01\/RA_04-1024x576.jpg\" alt=\"\" class=\"wp-image-425\" style=\"border-style:none;border-width:0px;border-top-left-radius:0px;border-top-right-radius:0px;border-bottom-left-radius:0px;border-bottom-right-radius:0px;aspect-ratio:3\/2\" srcset=\"https:\/\/inquietudearquitetura.pt\/wp-content\/uploads\/2023\/01\/RA_04-1024x576.jpg 1024w, https:\/\/inquietudearquitetura.pt\/wp-content\/uploads\/2023\/01\/RA_04-300x169.jpg 300w, https:\/\/inquietudearquitetura.pt\/wp-content\/uploads\/2023\/01\/RA_04-768x432.jpg 768w, https:\/\/inquietudearquitetura.pt\/wp-content\/uploads\/2023\/01\/RA_04-1536x864.jpg 1536w, https:\/\/inquietudearquitetura.pt\/wp-content\/uploads\/2023\/01\/RA_04-2048x1152.jpg 2048w, https:\/\/inquietudearquitetura.pt\/wp-content\/uploads\/2023\/01\/RA_04-2000x1125.jpg 2000w\" sizes=\"auto, (max-width: 1024px) 100vw, 1024px\" \/><button\n\t\t\tclass=\"lightbox-trigger\"\n\t\t\ttype=\"button\"\n\t\t\taria-haspopup=\"dialog\"\n\t\t\taria-label=\"Ampliar\"\n\t\t\tdata-wp-init=\"callbacks.initTriggerButton\"\n\t\t\tdata-wp-on--click=\"actions.showLightbox\"\n\t\t\tdata-wp-style--right=\"state.imageButtonRight\"\n\t\t\tdata-wp-style--top=\"state.imageButtonTop\"\n\t\t>\n\t\t\t<svg xmlns=\"http:\/\/www.w3.org\/2000\/svg\" width=\"12\" height=\"12\" fill=\"none\" viewBox=\"0 0 12 12\">\n\t\t\t\t<path fill=\"#fff\" d=\"M2 0a2 2 0 0 0-2 2v2h1.5V2a.5.5 0 0 1 .5-.5h2V0H2Zm2 10.5H2a.5.5 0 0 1-.5-.5V8H0v2a2 2 0 0 0 2 2h2v-1.5ZM8 12v-1.5h2a.5.5 0 0 0 .5-.5V8H12v2a2 2 0 0 1-2 2H8Zm2-12a2 2 0 0 1 2 2v2h-1.5V2a.5.5 0 0 0-.5-.5H8V0h2Z\" \/>\n\t\t\t<\/svg>\n\t\t<\/button><figcaption class=\"wp-element-caption\">LOURES _ &#8220;Casa da Vit\u00f3ria&#8221; : Moradia unifamiliar <\/figcaption><\/figure>\n\n\n\n<figure data-wp-context=\"{&quot;imageId&quot;:&quot;69f189caeeb21&quot;}\" data-wp-interactive=\"core\/image\" data-wp-key=\"69f189caeeb21\" class=\"wp-block-image size-large has-custom-border wp-lightbox-container\" style=\"margin-top:0;margin-right:var(--wp--preset--spacing--medium);margin-bottom:0;margin-left:var(--wp--preset--spacing--medium)\"><img loading=\"lazy\" decoding=\"async\" width=\"1024\" height=\"576\" data-wp-class--hide=\"state.isContentHidden\" data-wp-class--show=\"state.isContentVisible\" data-wp-init=\"callbacks.setButtonStyles\" data-wp-on--click=\"actions.showLightbox\" data-wp-on--load=\"callbacks.setButtonStyles\" data-wp-on-window--resize=\"callbacks.setButtonStyles\" data-id=\"467\" src=\"https:\/\/inquietudearquitetura.pt\/wp-content\/uploads\/2023\/01\/SERGIO-MARTINS_2A-1024x576.jpg\" alt=\"\" class=\"wp-image-467\" style=\"border-style:none;border-width:0px;border-top-left-radius:0px;border-top-right-radius:0px;border-bottom-left-radius:0px;border-bottom-right-radius:0px;aspect-ratio:3\/2\" srcset=\"https:\/\/inquietudearquitetura.pt\/wp-content\/uploads\/2023\/01\/SERGIO-MARTINS_2A-1024x576.jpg 1024w, https:\/\/inquietudearquitetura.pt\/wp-content\/uploads\/2023\/01\/SERGIO-MARTINS_2A-300x169.jpg 300w, https:\/\/inquietudearquitetura.pt\/wp-content\/uploads\/2023\/01\/SERGIO-MARTINS_2A-768x432.jpg 768w, https:\/\/inquietudearquitetura.pt\/wp-content\/uploads\/2023\/01\/SERGIO-MARTINS_2A-1536x864.jpg 1536w, https:\/\/inquietudearquitetura.pt\/wp-content\/uploads\/2023\/01\/SERGIO-MARTINS_2A-2048x1152.jpg 2048w, https:\/\/inquietudearquitetura.pt\/wp-content\/uploads\/2023\/01\/SERGIO-MARTINS_2A-2000x1125.jpg 2000w\" sizes=\"auto, (max-width: 1024px) 100vw, 1024px\" \/><button\n\t\t\tclass=\"lightbox-trigger\"\n\t\t\ttype=\"button\"\n\t\t\taria-haspopup=\"dialog\"\n\t\t\taria-label=\"Ampliar\"\n\t\t\tdata-wp-init=\"callbacks.initTriggerButton\"\n\t\t\tdata-wp-on--click=\"actions.showLightbox\"\n\t\t\tdata-wp-style--right=\"state.imageButtonRight\"\n\t\t\tdata-wp-style--top=\"state.imageButtonTop\"\n\t\t>\n\t\t\t<svg xmlns=\"http:\/\/www.w3.org\/2000\/svg\" width=\"12\" height=\"12\" fill=\"none\" viewBox=\"0 0 12 12\">\n\t\t\t\t<path fill=\"#fff\" d=\"M2 0a2 2 0 0 0-2 2v2h1.5V2a.5.5 0 0 1 .5-.5h2V0H2Zm2 10.5H2a.5.5 0 0 1-.5-.5V8H0v2a2 2 0 0 0 2 2h2v-1.5ZM8 12v-1.5h2a.5.5 0 0 0 .5-.5V8H12v2a2 2 0 0 1-2 2H8Zm2-12a2 2 0 0 1 2 2v2h-1.5V2a.5.5 0 0 0-.5-.5H8V0h2Z\" \/>\n\t\t\t<\/svg>\n\t\t<\/button><figcaption class=\"wp-element-caption\">SEIXAL _ &#8220;Casa de Valadares&#8221; : Moradia unifamiliar<\/figcaption><\/figure>\n\n\n\n<figure data-wp-context=\"{&quot;imageId&quot;:&quot;69f189caefb83&quot;}\" data-wp-interactive=\"core\/image\" data-wp-key=\"69f189caefb83\" class=\"wp-block-image size-large has-custom-border wp-lightbox-container\" style=\"margin-top:0;margin-right:var(--wp--preset--spacing--medium);margin-bottom:0;margin-left:var(--wp--preset--spacing--medium)\"><img loading=\"lazy\" decoding=\"async\" width=\"1024\" height=\"576\" data-wp-class--hide=\"state.isContentHidden\" data-wp-class--show=\"state.isContentVisible\" data-wp-init=\"callbacks.setButtonStyles\" data-wp-on--click=\"actions.showLightbox\" data-wp-on--load=\"callbacks.setButtonStyles\" data-wp-on-window--resize=\"callbacks.setButtonStyles\" data-id=\"435\" src=\"https:\/\/inquietudearquitetura.pt\/wp-content\/uploads\/2023\/01\/EXTERIOR_3-2-1024x576.jpg\" alt=\"\" class=\"wp-image-435\" style=\"border-style:none;border-width:0px;border-top-left-radius:0px;border-top-right-radius:0px;border-bottom-left-radius:0px;border-bottom-right-radius:0px;aspect-ratio:3\/2\" srcset=\"https:\/\/inquietudearquitetura.pt\/wp-content\/uploads\/2023\/01\/EXTERIOR_3-2-1024x576.jpg 1024w, https:\/\/inquietudearquitetura.pt\/wp-content\/uploads\/2023\/01\/EXTERIOR_3-2-300x169.jpg 300w, https:\/\/inquietudearquitetura.pt\/wp-content\/uploads\/2023\/01\/EXTERIOR_3-2-768x432.jpg 768w, https:\/\/inquietudearquitetura.pt\/wp-content\/uploads\/2023\/01\/EXTERIOR_3-2-1536x864.jpg 1536w, https:\/\/inquietudearquitetura.pt\/wp-content\/uploads\/2023\/01\/EXTERIOR_3-2-2048x1152.jpg 2048w, https:\/\/inquietudearquitetura.pt\/wp-content\/uploads\/2023\/01\/EXTERIOR_3-2-2000x1125.jpg 2000w\" sizes=\"auto, (max-width: 1024px) 100vw, 1024px\" \/><button\n\t\t\tclass=\"lightbox-trigger\"\n\t\t\ttype=\"button\"\n\t\t\taria-haspopup=\"dialog\"\n\t\t\taria-label=\"Ampliar\"\n\t\t\tdata-wp-init=\"callbacks.initTriggerButton\"\n\t\t\tdata-wp-on--click=\"actions.showLightbox\"\n\t\t\tdata-wp-style--right=\"state.imageButtonRight\"\n\t\t\tdata-wp-style--top=\"state.imageButtonTop\"\n\t\t>\n\t\t\t<svg xmlns=\"http:\/\/www.w3.org\/2000\/svg\" width=\"12\" height=\"12\" fill=\"none\" viewBox=\"0 0 12 12\">\n\t\t\t\t<path fill=\"#fff\" d=\"M2 0a2 2 0 0 0-2 2v2h1.5V2a.5.5 0 0 1 .5-.5h2V0H2Zm2 10.5H2a.5.5 0 0 1-.5-.5V8H0v2a2 2 0 0 0 2 2h2v-1.5ZM8 12v-1.5h2a.5.5 0 0 0 .5-.5V8H12v2a2 2 0 0 1-2 2H8Zm2-12a2 2 0 0 1 2 2v2h-1.5V2a.5.5 0 0 0-.5-.5H8V0h2Z\" \/>\n\t\t\t<\/svg>\n\t\t<\/button><figcaption class=\"wp-element-caption\">SINTRA _ &#8220;Casas de Cambra&#8221; : Moradia unifamiliar<\/figcaption><\/figure>\n\n\n\n<figure data-wp-context=\"{&quot;imageId&quot;:&quot;69f189caf0b25&quot;}\" data-wp-interactive=\"core\/image\" data-wp-key=\"69f189caf0b25\" class=\"wp-block-image size-large has-custom-border wp-lightbox-container\" style=\"margin-top:0;margin-right:var(--wp--preset--spacing--medium);margin-bottom:0;margin-left:var(--wp--preset--spacing--medium)\"><img loading=\"lazy\" decoding=\"async\" width=\"1024\" height=\"576\" data-wp-class--hide=\"state.isContentHidden\" data-wp-class--show=\"state.isContentVisible\" data-wp-init=\"callbacks.setButtonStyles\" data-wp-on--click=\"actions.showLightbox\" data-wp-on--load=\"callbacks.setButtonStyles\" data-wp-on-window--resize=\"callbacks.setButtonStyles\" data-id=\"454\" src=\"https:\/\/inquietudearquitetura.pt\/wp-content\/uploads\/2023\/01\/EXT_02-1024x576.jpg\" alt=\"\" class=\"wp-image-454\" style=\"border-style:none;border-width:0px;border-top-left-radius:0px;border-top-right-radius:0px;border-bottom-left-radius:0px;border-bottom-right-radius:0px;aspect-ratio:3\/2\" srcset=\"https:\/\/inquietudearquitetura.pt\/wp-content\/uploads\/2023\/01\/EXT_02-1024x576.jpg 1024w, https:\/\/inquietudearquitetura.pt\/wp-content\/uploads\/2023\/01\/EXT_02-300x169.jpg 300w, https:\/\/inquietudearquitetura.pt\/wp-content\/uploads\/2023\/01\/EXT_02-768x432.jpg 768w, https:\/\/inquietudearquitetura.pt\/wp-content\/uploads\/2023\/01\/EXT_02-1536x864.jpg 1536w, https:\/\/inquietudearquitetura.pt\/wp-content\/uploads\/2023\/01\/EXT_02-2048x1152.jpg 2048w, https:\/\/inquietudearquitetura.pt\/wp-content\/uploads\/2023\/01\/EXT_02-2000x1125.jpg 2000w\" sizes=\"auto, (max-width: 1024px) 100vw, 1024px\" \/><button\n\t\t\tclass=\"lightbox-trigger\"\n\t\t\ttype=\"button\"\n\t\t\taria-haspopup=\"dialog\"\n\t\t\taria-label=\"Ampliar\"\n\t\t\tdata-wp-init=\"callbacks.initTriggerButton\"\n\t\t\tdata-wp-on--click=\"actions.showLightbox\"\n\t\t\tdata-wp-style--right=\"state.imageButtonRight\"\n\t\t\tdata-wp-style--top=\"state.imageButtonTop\"\n\t\t>\n\t\t\t<svg xmlns=\"http:\/\/www.w3.org\/2000\/svg\" width=\"12\" height=\"12\" fill=\"none\" viewBox=\"0 0 12 12\">\n\t\t\t\t<path fill=\"#fff\" d=\"M2 0a2 2 0 0 0-2 2v2h1.5V2a.5.5 0 0 1 .5-.5h2V0H2Zm2 10.5H2a.5.5 0 0 1-.5-.5V8H0v2a2 2 0 0 0 2 2h2v-1.5ZM8 12v-1.5h2a.5.5 0 0 0 .5-.5V8H12v2a2 2 0 0 1-2 2H8Zm2-12a2 2 0 0 1 2 2v2h-1.5V2a.5.5 0 0 0-.5-.5H8V0h2Z\" \/>\n\t\t\t<\/svg>\n\t\t<\/button><figcaption class=\"wp-element-caption\">CASCAIS _ &#8220;Casas de S\u00e3o Jo\u00e3o&#8221; : 2 moradias unifamiliares geminadas<\/figcaption><\/figure>\n\n\n\n<figure data-wp-context=\"{&quot;imageId&quot;:&quot;69f189caf1930&quot;}\" data-wp-interactive=\"core\/image\" data-wp-key=\"69f189caf1930\" class=\"wp-block-image size-large has-custom-border wp-lightbox-container\" style=\"margin-top:0;margin-right:var(--wp--preset--spacing--medium);margin-bottom:0;margin-left:var(--wp--preset--spacing--medium)\"><img loading=\"lazy\" decoding=\"async\" width=\"1024\" height=\"576\" data-wp-class--hide=\"state.isContentHidden\" data-wp-class--show=\"state.isContentVisible\" data-wp-init=\"callbacks.setButtonStyles\" data-wp-on--click=\"actions.showLightbox\" data-wp-on--load=\"callbacks.setButtonStyles\" data-wp-on-window--resize=\"callbacks.setButtonStyles\" data-id=\"433\" src=\"https:\/\/inquietudearquitetura.pt\/wp-content\/uploads\/2023\/01\/13-2-1-1024x576.jpg\" alt=\"\" class=\"wp-image-433\" style=\"border-style:none;border-width:0px;border-top-left-radius:0px;border-top-right-radius:0px;border-bottom-left-radius:0px;border-bottom-right-radius:0px;aspect-ratio:3\/2\" srcset=\"https:\/\/inquietudearquitetura.pt\/wp-content\/uploads\/2023\/01\/13-2-1-1024x576.jpg 1024w, https:\/\/inquietudearquitetura.pt\/wp-content\/uploads\/2023\/01\/13-2-1-300x169.jpg 300w, https:\/\/inquietudearquitetura.pt\/wp-content\/uploads\/2023\/01\/13-2-1-768x432.jpg 768w, https:\/\/inquietudearquitetura.pt\/wp-content\/uploads\/2023\/01\/13-2-1-1536x864.jpg 1536w, https:\/\/inquietudearquitetura.pt\/wp-content\/uploads\/2023\/01\/13-2-1-2048x1152.jpg 2048w, https:\/\/inquietudearquitetura.pt\/wp-content\/uploads\/2023\/01\/13-2-1-2000x1125.jpg 2000w\" sizes=\"auto, (max-width: 1024px) 100vw, 1024px\" \/><button\n\t\t\tclass=\"lightbox-trigger\"\n\t\t\ttype=\"button\"\n\t\t\taria-haspopup=\"dialog\"\n\t\t\taria-label=\"Ampliar\"\n\t\t\tdata-wp-init=\"callbacks.initTriggerButton\"\n\t\t\tdata-wp-on--click=\"actions.showLightbox\"\n\t\t\tdata-wp-style--right=\"state.imageButtonRight\"\n\t\t\tdata-wp-style--top=\"state.imageButtonTop\"\n\t\t>\n\t\t\t<svg xmlns=\"http:\/\/www.w3.org\/2000\/svg\" width=\"12\" height=\"12\" fill=\"none\" viewBox=\"0 0 12 12\">\n\t\t\t\t<path fill=\"#fff\" d=\"M2 0a2 2 0 0 0-2 2v2h1.5V2a.5.5 0 0 1 .5-.5h2V0H2Zm2 10.5H2a.5.5 0 0 1-.5-.5V8H0v2a2 2 0 0 0 2 2h2v-1.5ZM8 12v-1.5h2a.5.5 0 0 0 .5-.5V8H12v2a2 2 0 0 1-2 2H8Zm2-12a2 2 0 0 1 2 2v2h-1.5V2a.5.5 0 0 0-.5-.5H8V0h2Z\" \/>\n\t\t\t<\/svg>\n\t\t<\/button><figcaption class=\"wp-element-caption\">ALMADA _ &#8220;Casa das Quintinhas&#8221; : Moradia unifamiliar<\/figcaption><\/figure>\n\n\n\n<figure data-wp-context=\"{&quot;imageId&quot;:&quot;69f189caf2a6c&quot;}\" data-wp-interactive=\"core\/image\" data-wp-key=\"69f189caf2a6c\" class=\"wp-block-image size-large has-custom-border wp-lightbox-container\" style=\"margin-top:0;margin-right:var(--wp--preset--spacing--medium);margin-bottom:0;margin-left:var(--wp--preset--spacing--medium)\"><img loading=\"lazy\" decoding=\"async\" width=\"1024\" height=\"576\" data-wp-class--hide=\"state.isContentHidden\" data-wp-class--show=\"state.isContentVisible\" data-wp-init=\"callbacks.setButtonStyles\" data-wp-on--click=\"actions.showLightbox\" data-wp-on--load=\"callbacks.setButtonStyles\" data-wp-on-window--resize=\"callbacks.setButtonStyles\" data-id=\"445\" src=\"https:\/\/inquietudearquitetura.pt\/wp-content\/uploads\/2023\/01\/6-3-1024x576.jpg\" alt=\"\" class=\"wp-image-445\" style=\"border-style:none;border-width:0px;border-top-left-radius:0px;border-top-right-radius:0px;border-bottom-left-radius:0px;border-bottom-right-radius:0px;aspect-ratio:3\/2\" srcset=\"https:\/\/inquietudearquitetura.pt\/wp-content\/uploads\/2023\/01\/6-3-1024x576.jpg 1024w, https:\/\/inquietudearquitetura.pt\/wp-content\/uploads\/2023\/01\/6-3-300x169.jpg 300w, https:\/\/inquietudearquitetura.pt\/wp-content\/uploads\/2023\/01\/6-3-768x432.jpg 768w, https:\/\/inquietudearquitetura.pt\/wp-content\/uploads\/2023\/01\/6-3-1536x864.jpg 1536w, https:\/\/inquietudearquitetura.pt\/wp-content\/uploads\/2023\/01\/6-3-2048x1152.jpg 2048w, https:\/\/inquietudearquitetura.pt\/wp-content\/uploads\/2023\/01\/6-3-2000x1125.jpg 2000w\" sizes=\"auto, (max-width: 1024px) 100vw, 1024px\" \/><button\n\t\t\tclass=\"lightbox-trigger\"\n\t\t\ttype=\"button\"\n\t\t\taria-haspopup=\"dialog\"\n\t\t\taria-label=\"Ampliar\"\n\t\t\tdata-wp-init=\"callbacks.initTriggerButton\"\n\t\t\tdata-wp-on--click=\"actions.showLightbox\"\n\t\t\tdata-wp-style--right=\"state.imageButtonRight\"\n\t\t\tdata-wp-style--top=\"state.imageButtonTop\"\n\t\t>\n\t\t\t<svg xmlns=\"http:\/\/www.w3.org\/2000\/svg\" width=\"12\" height=\"12\" fill=\"none\" viewBox=\"0 0 12 12\">\n\t\t\t\t<path fill=\"#fff\" d=\"M2 0a2 2 0 0 0-2 2v2h1.5V2a.5.5 0 0 1 .5-.5h2V0H2Zm2 10.5H2a.5.5 0 0 1-.5-.5V8H0v2a2 2 0 0 0 2 2h2v-1.5ZM8 12v-1.5h2a.5.5 0 0 0 .5-.5V8H12v2a2 2 0 0 1-2 2H8Zm2-12a2 2 0 0 1 2 2v2h-1.5V2a.5.5 0 0 0-.5-.5H8V0h2Z\" \/>\n\t\t\t<\/svg>\n\t\t<\/button><figcaption class=\"wp-element-caption\">CASCAIS _ &#8220;Casa das Alfarrobeiras&#8221; : Moradia unifamiliar<\/figcaption><\/figure>\n\n\n\n<figure data-wp-context=\"{&quot;imageId&quot;:&quot;69f189caf39d7&quot;}\" data-wp-interactive=\"core\/image\" data-wp-key=\"69f189caf39d7\" class=\"wp-block-image size-large has-custom-border wp-lightbox-container\" style=\"margin-top:0;margin-right:var(--wp--preset--spacing--medium);margin-bottom:0;margin-left:var(--wp--preset--spacing--medium)\"><img loading=\"lazy\" decoding=\"async\" width=\"1024\" height=\"576\" data-wp-class--hide=\"state.isContentHidden\" data-wp-class--show=\"state.isContentVisible\" data-wp-init=\"callbacks.setButtonStyles\" data-wp-on--click=\"actions.showLightbox\" data-wp-on--load=\"callbacks.setButtonStyles\" data-wp-on-window--resize=\"callbacks.setButtonStyles\" data-id=\"431\" src=\"https:\/\/inquietudearquitetura.pt\/wp-content\/uploads\/2023\/01\/13-1024x576.jpg\" alt=\"\" class=\"wp-image-431\" style=\"border-style:none;border-width:0px;border-top-left-radius:0px;border-top-right-radius:0px;border-bottom-left-radius:0px;border-bottom-right-radius:0px;aspect-ratio:3\/2\" srcset=\"https:\/\/inquietudearquitetura.pt\/wp-content\/uploads\/2023\/01\/13-1024x576.jpg 1024w, https:\/\/inquietudearquitetura.pt\/wp-content\/uploads\/2023\/01\/13-300x169.jpg 300w, https:\/\/inquietudearquitetura.pt\/wp-content\/uploads\/2023\/01\/13-768x432.jpg 768w, https:\/\/inquietudearquitetura.pt\/wp-content\/uploads\/2023\/01\/13-1536x864.jpg 1536w, https:\/\/inquietudearquitetura.pt\/wp-content\/uploads\/2023\/01\/13-2048x1152.jpg 2048w, https:\/\/inquietudearquitetura.pt\/wp-content\/uploads\/2023\/01\/13-2000x1125.jpg 2000w\" sizes=\"auto, (max-width: 1024px) 100vw, 1024px\" \/><button\n\t\t\tclass=\"lightbox-trigger\"\n\t\t\ttype=\"button\"\n\t\t\taria-haspopup=\"dialog\"\n\t\t\taria-label=\"Ampliar\"\n\t\t\tdata-wp-init=\"callbacks.initTriggerButton\"\n\t\t\tdata-wp-on--click=\"actions.showLightbox\"\n\t\t\tdata-wp-style--right=\"state.imageButtonRight\"\n\t\t\tdata-wp-style--top=\"state.imageButtonTop\"\n\t\t>\n\t\t\t<svg xmlns=\"http:\/\/www.w3.org\/2000\/svg\" width=\"12\" height=\"12\" fill=\"none\" viewBox=\"0 0 12 12\">\n\t\t\t\t<path fill=\"#fff\" d=\"M2 0a2 2 0 0 0-2 2v2h1.5V2a.5.5 0 0 1 .5-.5h2V0H2Zm2 10.5H2a.5.5 0 0 1-.5-.5V8H0v2a2 2 0 0 0 2 2h2v-1.5ZM8 12v-1.5h2a.5.5 0 0 0 .5-.5V8H12v2a2 2 0 0 1-2 2H8Zm2-12a2 2 0 0 1 2 2v2h-1.5V2a.5.5 0 0 0-.5-.5H8V0h2Z\" \/>\n\t\t\t<\/svg>\n\t\t<\/button><figcaption class=\"wp-element-caption\">TROFA _ &#8220;Casa do Bougado&#8221; : Moradia unifamiliar<\/figcaption><\/figure>\n\n\n\n<figure data-wp-context=\"{&quot;imageId&quot;:&quot;69f189cb00303&quot;}\" data-wp-interactive=\"core\/image\" data-wp-key=\"69f189cb00303\" class=\"wp-block-image size-large has-custom-border wp-lightbox-container\" style=\"margin-top:0;margin-right:var(--wp--preset--spacing--medium);margin-bottom:0;margin-left:var(--wp--preset--spacing--medium)\"><img loading=\"lazy\" decoding=\"async\" width=\"1024\" height=\"576\" data-wp-class--hide=\"state.isContentHidden\" data-wp-class--show=\"state.isContentVisible\" data-wp-init=\"callbacks.setButtonStyles\" data-wp-on--click=\"actions.showLightbox\" data-wp-on--load=\"callbacks.setButtonStyles\" data-wp-on-window--resize=\"callbacks.setButtonStyles\" data-id=\"427\" src=\"https:\/\/inquietudearquitetura.pt\/wp-content\/uploads\/2023\/01\/A-2-1024x576.jpg\" alt=\"\" class=\"wp-image-427\" style=\"border-style:none;border-width:0px;border-top-left-radius:0px;border-top-right-radius:0px;border-bottom-left-radius:0px;border-bottom-right-radius:0px;aspect-ratio:3\/2\" srcset=\"https:\/\/inquietudearquitetura.pt\/wp-content\/uploads\/2023\/01\/A-2-1024x576.jpg 1024w, https:\/\/inquietudearquitetura.pt\/wp-content\/uploads\/2023\/01\/A-2-300x169.jpg 300w, https:\/\/inquietudearquitetura.pt\/wp-content\/uploads\/2023\/01\/A-2-768x432.jpg 768w, https:\/\/inquietudearquitetura.pt\/wp-content\/uploads\/2023\/01\/A-2-1536x864.jpg 1536w, https:\/\/inquietudearquitetura.pt\/wp-content\/uploads\/2023\/01\/A-2-2048x1152.jpg 2048w, https:\/\/inquietudearquitetura.pt\/wp-content\/uploads\/2023\/01\/A-2-2000x1125.jpg 2000w\" sizes=\"auto, (max-width: 1024px) 100vw, 1024px\" \/><button\n\t\t\tclass=\"lightbox-trigger\"\n\t\t\ttype=\"button\"\n\t\t\taria-haspopup=\"dialog\"\n\t\t\taria-label=\"Ampliar\"\n\t\t\tdata-wp-init=\"callbacks.initTriggerButton\"\n\t\t\tdata-wp-on--click=\"actions.showLightbox\"\n\t\t\tdata-wp-style--right=\"state.imageButtonRight\"\n\t\t\tdata-wp-style--top=\"state.imageButtonTop\"\n\t\t>\n\t\t\t<svg xmlns=\"http:\/\/www.w3.org\/2000\/svg\" width=\"12\" height=\"12\" fill=\"none\" viewBox=\"0 0 12 12\">\n\t\t\t\t<path fill=\"#fff\" d=\"M2 0a2 2 0 0 0-2 2v2h1.5V2a.5.5 0 0 1 .5-.5h2V0H2Zm2 10.5H2a.5.5 0 0 1-.5-.5V8H0v2a2 2 0 0 0 2 2h2v-1.5ZM8 12v-1.5h2a.5.5 0 0 0 .5-.5V8H12v2a2 2 0 0 1-2 2H8Zm2-12a2 2 0 0 1 2 2v2h-1.5V2a.5.5 0 0 0-.5-.5H8V0h2Z\" \/>\n\t\t\t<\/svg>\n\t\t<\/button><figcaption class=\"wp-element-caption\">ALMADA _ &#8220;Casa do Infante&#8221; : Moradia unifamiliar<\/figcaption><\/figure>\n\n\n\n<figure data-wp-context=\"{&quot;imageId&quot;:&quot;69f189cb00d63&quot;}\" data-wp-interactive=\"core\/image\" data-wp-key=\"69f189cb00d63\" class=\"wp-block-image size-large has-custom-border wp-lightbox-container\" style=\"margin-top:0;margin-right:var(--wp--preset--spacing--medium);margin-bottom:0;margin-left:var(--wp--preset--spacing--medium)\"><img loading=\"lazy\" decoding=\"async\" width=\"1024\" height=\"576\" data-wp-class--hide=\"state.isContentHidden\" data-wp-class--show=\"state.isContentVisible\" data-wp-init=\"callbacks.setButtonStyles\" data-wp-on--click=\"actions.showLightbox\" data-wp-on--load=\"callbacks.setButtonStyles\" data-wp-on-window--resize=\"callbacks.setButtonStyles\" data-id=\"439\" src=\"https:\/\/inquietudearquitetura.pt\/wp-content\/uploads\/2023\/01\/EXTERIOR_00-1024x576.jpg\" alt=\"\" class=\"wp-image-439\" style=\"border-style:none;border-width:0px;border-top-left-radius:0px;border-top-right-radius:0px;border-bottom-left-radius:0px;border-bottom-right-radius:0px;aspect-ratio:3\/2\" srcset=\"https:\/\/inquietudearquitetura.pt\/wp-content\/uploads\/2023\/01\/EXTERIOR_00-1024x576.jpg 1024w, https:\/\/inquietudearquitetura.pt\/wp-content\/uploads\/2023\/01\/EXTERIOR_00-300x169.jpg 300w, https:\/\/inquietudearquitetura.pt\/wp-content\/uploads\/2023\/01\/EXTERIOR_00-768x432.jpg 768w, https:\/\/inquietudearquitetura.pt\/wp-content\/uploads\/2023\/01\/EXTERIOR_00-1536x864.jpg 1536w, https:\/\/inquietudearquitetura.pt\/wp-content\/uploads\/2023\/01\/EXTERIOR_00-2048x1152.jpg 2048w, https:\/\/inquietudearquitetura.pt\/wp-content\/uploads\/2023\/01\/EXTERIOR_00-2000x1125.jpg 2000w\" sizes=\"auto, (max-width: 1024px) 100vw, 1024px\" \/><button\n\t\t\tclass=\"lightbox-trigger\"\n\t\t\ttype=\"button\"\n\t\t\taria-haspopup=\"dialog\"\n\t\t\taria-label=\"Ampliar\"\n\t\t\tdata-wp-init=\"callbacks.initTriggerButton\"\n\t\t\tdata-wp-on--click=\"actions.showLightbox\"\n\t\t\tdata-wp-style--right=\"state.imageButtonRight\"\n\t\t\tdata-wp-style--top=\"state.imageButtonTop\"\n\t\t>\n\t\t\t<svg xmlns=\"http:\/\/www.w3.org\/2000\/svg\" width=\"12\" height=\"12\" fill=\"none\" viewBox=\"0 0 12 12\">\n\t\t\t\t<path fill=\"#fff\" d=\"M2 0a2 2 0 0 0-2 2v2h1.5V2a.5.5 0 0 1 .5-.5h2V0H2Zm2 10.5H2a.5.5 0 0 1-.5-.5V8H0v2a2 2 0 0 0 2 2h2v-1.5ZM8 12v-1.5h2a.5.5 0 0 0 .5-.5V8H12v2a2 2 0 0 1-2 2H8Zm2-12a2 2 0 0 1 2 2v2h-1.5V2a.5.5 0 0 0-.5-.5H8V0h2Z\" \/>\n\t\t\t<\/svg>\n\t\t<\/button><figcaption class=\"wp-element-caption\">SINTRA _ &#8220;Casas de Cambra&#8221; : 2 moradias unifamiliares em banda<\/figcaption><\/figure>\n\n\n\n<figure data-wp-context=\"{&quot;imageId&quot;:&quot;69f189cb01ba8&quot;}\" data-wp-interactive=\"core\/image\" data-wp-key=\"69f189cb01ba8\" class=\"wp-block-image size-large has-custom-border wp-lightbox-container\" style=\"margin-top:0;margin-right:var(--wp--preset--spacing--medium);margin-bottom:0;margin-left:var(--wp--preset--spacing--medium)\"><img loading=\"lazy\" decoding=\"async\" width=\"1024\" height=\"576\" data-wp-class--hide=\"state.isContentHidden\" data-wp-class--show=\"state.isContentVisible\" data-wp-init=\"callbacks.setButtonStyles\" data-wp-on--click=\"actions.showLightbox\" data-wp-on--load=\"callbacks.setButtonStyles\" data-wp-on-window--resize=\"callbacks.setButtonStyles\" data-id=\"443\" src=\"https:\/\/inquietudearquitetura.pt\/wp-content\/uploads\/2023\/01\/SPA_02-1024x576.jpg\" alt=\"\" class=\"wp-image-443\" style=\"border-style:none;border-width:0px;border-top-left-radius:0px;border-top-right-radius:0px;border-bottom-left-radius:0px;border-bottom-right-radius:0px;aspect-ratio:3\/2\" srcset=\"https:\/\/inquietudearquitetura.pt\/wp-content\/uploads\/2023\/01\/SPA_02-1024x576.jpg 1024w, https:\/\/inquietudearquitetura.pt\/wp-content\/uploads\/2023\/01\/SPA_02-300x169.jpg 300w, https:\/\/inquietudearquitetura.pt\/wp-content\/uploads\/2023\/01\/SPA_02-768x432.jpg 768w, https:\/\/inquietudearquitetura.pt\/wp-content\/uploads\/2023\/01\/SPA_02-1536x864.jpg 1536w, https:\/\/inquietudearquitetura.pt\/wp-content\/uploads\/2023\/01\/SPA_02-2048x1152.jpg 2048w, https:\/\/inquietudearquitetura.pt\/wp-content\/uploads\/2023\/01\/SPA_02-2000x1125.jpg 2000w\" sizes=\"auto, (max-width: 1024px) 100vw, 1024px\" \/><button\n\t\t\tclass=\"lightbox-trigger\"\n\t\t\ttype=\"button\"\n\t\t\taria-haspopup=\"dialog\"\n\t\t\taria-label=\"Ampliar\"\n\t\t\tdata-wp-init=\"callbacks.initTriggerButton\"\n\t\t\tdata-wp-on--click=\"actions.showLightbox\"\n\t\t\tdata-wp-style--right=\"state.imageButtonRight\"\n\t\t\tdata-wp-style--top=\"state.imageButtonTop\"\n\t\t>\n\t\t\t<svg xmlns=\"http:\/\/www.w3.org\/2000\/svg\" width=\"12\" height=\"12\" fill=\"none\" viewBox=\"0 0 12 12\">\n\t\t\t\t<path fill=\"#fff\" d=\"M2 0a2 2 0 0 0-2 2v2h1.5V2a.5.5 0 0 1 .5-.5h2V0H2Zm2 10.5H2a.5.5 0 0 1-.5-.5V8H0v2a2 2 0 0 0 2 2h2v-1.5ZM8 12v-1.5h2a.5.5 0 0 0 .5-.5V8H12v2a2 2 0 0 1-2 2H8Zm2-12a2 2 0 0 1 2 2v2h-1.5V2a.5.5 0 0 0-.5-.5H8V0h2Z\" \/>\n\t\t\t<\/svg>\n\t\t<\/button><figcaption class=\"wp-element-caption\">PONTE DE LIMA _ &#8220;Casas dos Arcos&#8221; : 2 moradias isoladas<\/figcaption><\/figure>\n\n\n\n<figure data-wp-context=\"{&quot;imageId&quot;:&quot;69f189cb02bcb&quot;}\" data-wp-interactive=\"core\/image\" data-wp-key=\"69f189cb02bcb\" class=\"wp-block-image size-large has-custom-border wp-lightbox-container\" style=\"margin-top:0;margin-right:var(--wp--preset--spacing--medium);margin-bottom:0;margin-left:var(--wp--preset--spacing--medium)\"><img loading=\"lazy\" decoding=\"async\" width=\"1024\" height=\"576\" data-wp-class--hide=\"state.isContentHidden\" data-wp-class--show=\"state.isContentVisible\" data-wp-init=\"callbacks.setButtonStyles\" data-wp-on--click=\"actions.showLightbox\" data-wp-on--load=\"callbacks.setButtonStyles\" data-wp-on-window--resize=\"callbacks.setButtonStyles\" data-id=\"469\" src=\"https:\/\/inquietudearquitetura.pt\/wp-content\/uploads\/2023\/01\/VERSAO_FINAL_C-1024x576.jpg\" alt=\"\" class=\"wp-image-469\" style=\"border-style:none;border-width:0px;border-top-left-radius:0px;border-top-right-radius:0px;border-bottom-left-radius:0px;border-bottom-right-radius:0px;aspect-ratio:3\/2\" srcset=\"https:\/\/inquietudearquitetura.pt\/wp-content\/uploads\/2023\/01\/VERSAO_FINAL_C-1024x576.jpg 1024w, https:\/\/inquietudearquitetura.pt\/wp-content\/uploads\/2023\/01\/VERSAO_FINAL_C-300x169.jpg 300w, https:\/\/inquietudearquitetura.pt\/wp-content\/uploads\/2023\/01\/VERSAO_FINAL_C-768x432.jpg 768w, https:\/\/inquietudearquitetura.pt\/wp-content\/uploads\/2023\/01\/VERSAO_FINAL_C-1536x864.jpg 1536w, https:\/\/inquietudearquitetura.pt\/wp-content\/uploads\/2023\/01\/VERSAO_FINAL_C-2048x1152.jpg 2048w, https:\/\/inquietudearquitetura.pt\/wp-content\/uploads\/2023\/01\/VERSAO_FINAL_C-2000x1125.jpg 2000w\" sizes=\"auto, (max-width: 1024px) 100vw, 1024px\" \/><button\n\t\t\tclass=\"lightbox-trigger\"\n\t\t\ttype=\"button\"\n\t\t\taria-haspopup=\"dialog\"\n\t\t\taria-label=\"Ampliar\"\n\t\t\tdata-wp-init=\"callbacks.initTriggerButton\"\n\t\t\tdata-wp-on--click=\"actions.showLightbox\"\n\t\t\tdata-wp-style--right=\"state.imageButtonRight\"\n\t\t\tdata-wp-style--top=\"state.imageButtonTop\"\n\t\t>\n\t\t\t<svg xmlns=\"http:\/\/www.w3.org\/2000\/svg\" width=\"12\" height=\"12\" fill=\"none\" viewBox=\"0 0 12 12\">\n\t\t\t\t<path fill=\"#fff\" d=\"M2 0a2 2 0 0 0-2 2v2h1.5V2a.5.5 0 0 1 .5-.5h2V0H2Zm2 10.5H2a.5.5 0 0 1-.5-.5V8H0v2a2 2 0 0 0 2 2h2v-1.5ZM8 12v-1.5h2a.5.5 0 0 0 .5-.5V8H12v2a2 2 0 0 1-2 2H8Zm2-12a2 2 0 0 1 2 2v2h-1.5V2a.5.5 0 0 0-.5-.5H8V0h2Z\" \/>\n\t\t\t<\/svg>\n\t\t<\/button><figcaption class=\"wp-element-caption\">CASCAIS _ &#8220;Casa da Granja&#8221; : Moradia unifamiliar<\/figcaption><\/figure>\n\n\n\n<figure data-wp-context=\"{&quot;imageId&quot;:&quot;69f189cb03755&quot;}\" data-wp-interactive=\"core\/image\" data-wp-key=\"69f189cb03755\" class=\"wp-block-image size-large has-custom-border wp-lightbox-container\" style=\"margin-top:0;margin-right:var(--wp--preset--spacing--medium);margin-bottom:0;margin-left:var(--wp--preset--spacing--medium)\"><img loading=\"lazy\" decoding=\"async\" width=\"1024\" height=\"576\" data-wp-class--hide=\"state.isContentHidden\" data-wp-class--show=\"state.isContentVisible\" data-wp-init=\"callbacks.setButtonStyles\" data-wp-on--click=\"actions.showLightbox\" data-wp-on--load=\"callbacks.setButtonStyles\" data-wp-on-window--resize=\"callbacks.setButtonStyles\" data-id=\"437\" src=\"https:\/\/inquietudearquitetura.pt\/wp-content\/uploads\/2023\/01\/D-1024x576.jpg\" alt=\"\" class=\"wp-image-437\" style=\"border-style:none;border-width:0px;border-top-left-radius:0px;border-top-right-radius:0px;border-bottom-left-radius:0px;border-bottom-right-radius:0px;aspect-ratio:3\/2\" srcset=\"https:\/\/inquietudearquitetura.pt\/wp-content\/uploads\/2023\/01\/D-1024x576.jpg 1024w, https:\/\/inquietudearquitetura.pt\/wp-content\/uploads\/2023\/01\/D-300x169.jpg 300w, https:\/\/inquietudearquitetura.pt\/wp-content\/uploads\/2023\/01\/D-768x432.jpg 768w, https:\/\/inquietudearquitetura.pt\/wp-content\/uploads\/2023\/01\/D-1536x864.jpg 1536w, https:\/\/inquietudearquitetura.pt\/wp-content\/uploads\/2023\/01\/D-2048x1152.jpg 2048w, https:\/\/inquietudearquitetura.pt\/wp-content\/uploads\/2023\/01\/D-2000x1125.jpg 2000w\" sizes=\"auto, (max-width: 1024px) 100vw, 1024px\" \/><button\n\t\t\tclass=\"lightbox-trigger\"\n\t\t\ttype=\"button\"\n\t\t\taria-haspopup=\"dialog\"\n\t\t\taria-label=\"Ampliar\"\n\t\t\tdata-wp-init=\"callbacks.initTriggerButton\"\n\t\t\tdata-wp-on--click=\"actions.showLightbox\"\n\t\t\tdata-wp-style--right=\"state.imageButtonRight\"\n\t\t\tdata-wp-style--top=\"state.imageButtonTop\"\n\t\t>\n\t\t\t<svg xmlns=\"http:\/\/www.w3.org\/2000\/svg\" width=\"12\" height=\"12\" fill=\"none\" viewBox=\"0 0 12 12\">\n\t\t\t\t<path fill=\"#fff\" d=\"M2 0a2 2 0 0 0-2 2v2h1.5V2a.5.5 0 0 1 .5-.5h2V0H2Zm2 10.5H2a.5.5 0 0 1-.5-.5V8H0v2a2 2 0 0 0 2 2h2v-1.5ZM8 12v-1.5h2a.5.5 0 0 0 .5-.5V8H12v2a2 2 0 0 1-2 2H8Zm2-12a2 2 0 0 1 2 2v2h-1.5V2a.5.5 0 0 0-.5-.5H8V0h2Z\" \/>\n\t\t\t<\/svg>\n\t\t<\/button><figcaption class=\"wp-element-caption\">P\u00d3VOA DE VARZIM _ &#8220;Casas da Agu\u00e7adoura&#8221; : Moradias unifamiliares<\/figcaption><\/figure>\n\n\n\n<figure data-wp-context=\"{&quot;imageId&quot;:&quot;69f189cb0423d&quot;}\" data-wp-interactive=\"core\/image\" data-wp-key=\"69f189cb0423d\" class=\"wp-block-image size-large has-custom-border wp-lightbox-container\" style=\"margin-top:0;margin-right:var(--wp--preset--spacing--medium);margin-bottom:0;margin-left:var(--wp--preset--spacing--medium)\"><img loading=\"lazy\" decoding=\"async\" width=\"1024\" height=\"576\" data-wp-class--hide=\"state.isContentHidden\" data-wp-class--show=\"state.isContentVisible\" data-wp-init=\"callbacks.setButtonStyles\" data-wp-on--click=\"actions.showLightbox\" data-wp-on--load=\"callbacks.setButtonStyles\" data-wp-on-window--resize=\"callbacks.setButtonStyles\" data-id=\"422\" src=\"https:\/\/inquietudearquitetura.pt\/wp-content\/uploads\/2023\/01\/03-1-1024x576.jpg\" alt=\"\" class=\"wp-image-422\" style=\"border-style:none;border-width:0px;border-top-left-radius:0px;border-top-right-radius:0px;border-bottom-left-radius:0px;border-bottom-right-radius:0px;aspect-ratio:3\/2\" srcset=\"https:\/\/inquietudearquitetura.pt\/wp-content\/uploads\/2023\/01\/03-1-1024x576.jpg 1024w, https:\/\/inquietudearquitetura.pt\/wp-content\/uploads\/2023\/01\/03-1-300x169.jpg 300w, https:\/\/inquietudearquitetura.pt\/wp-content\/uploads\/2023\/01\/03-1-768x432.jpg 768w, https:\/\/inquietudearquitetura.pt\/wp-content\/uploads\/2023\/01\/03-1-1536x864.jpg 1536w, https:\/\/inquietudearquitetura.pt\/wp-content\/uploads\/2023\/01\/03-1.jpg 1920w\" sizes=\"auto, (max-width: 1024px) 100vw, 1024px\" \/><button\n\t\t\tclass=\"lightbox-trigger\"\n\t\t\ttype=\"button\"\n\t\t\taria-haspopup=\"dialog\"\n\t\t\taria-label=\"Ampliar\"\n\t\t\tdata-wp-init=\"callbacks.initTriggerButton\"\n\t\t\tdata-wp-on--click=\"actions.showLightbox\"\n\t\t\tdata-wp-style--right=\"state.imageButtonRight\"\n\t\t\tdata-wp-style--top=\"state.imageButtonTop\"\n\t\t>\n\t\t\t<svg xmlns=\"http:\/\/www.w3.org\/2000\/svg\" width=\"12\" height=\"12\" fill=\"none\" viewBox=\"0 0 12 12\">\n\t\t\t\t<path fill=\"#fff\" d=\"M2 0a2 2 0 0 0-2 2v2h1.5V2a.5.5 0 0 1 .5-.5h2V0H2Zm2 10.5H2a.5.5 0 0 1-.5-.5V8H0v2a2 2 0 0 0 2 2h2v-1.5ZM8 12v-1.5h2a.5.5 0 0 0 .5-.5V8H12v2a2 2 0 0 1-2 2H8Zm2-12a2 2 0 0 1 2 2v2h-1.5V2a.5.5 0 0 0-.5-.5H8V0h2Z\" \/>\n\t\t\t<\/svg>\n\t\t<\/button><figcaption class=\"wp-element-caption\">SINTRA _ &#8220;Casa da Espera&#8221; : Moradia unifamiliar<\/figcaption><\/figure>\n\n\n\n<figure data-wp-context=\"{&quot;imageId&quot;:&quot;69f189cb05065&quot;}\" data-wp-interactive=\"core\/image\" data-wp-key=\"69f189cb05065\" class=\"wp-block-image size-large has-custom-border wp-lightbox-container\" style=\"margin-top:0;margin-right:var(--wp--preset--spacing--medium);margin-bottom:0;margin-left:var(--wp--preset--spacing--medium)\"><img loading=\"lazy\" decoding=\"async\" width=\"1024\" height=\"576\" data-wp-class--hide=\"state.isContentHidden\" data-wp-class--show=\"state.isContentVisible\" data-wp-init=\"callbacks.setButtonStyles\" data-wp-on--click=\"actions.showLightbox\" data-wp-on--load=\"callbacks.setButtonStyles\" data-wp-on-window--resize=\"callbacks.setButtonStyles\" data-id=\"424\" src=\"https:\/\/inquietudearquitetura.pt\/wp-content\/uploads\/2023\/01\/09-1024x576.jpg\" alt=\"\" class=\"wp-image-424\" style=\"border-style:none;border-width:0px;border-top-left-radius:0px;border-top-right-radius:0px;border-bottom-left-radius:0px;border-bottom-right-radius:0px;aspect-ratio:3\/2\" srcset=\"https:\/\/inquietudearquitetura.pt\/wp-content\/uploads\/2023\/01\/09-1024x576.jpg 1024w, https:\/\/inquietudearquitetura.pt\/wp-content\/uploads\/2023\/01\/09-300x169.jpg 300w, https:\/\/inquietudearquitetura.pt\/wp-content\/uploads\/2023\/01\/09-768x432.jpg 768w, https:\/\/inquietudearquitetura.pt\/wp-content\/uploads\/2023\/01\/09-1536x864.jpg 1536w, https:\/\/inquietudearquitetura.pt\/wp-content\/uploads\/2023\/01\/09-2048x1152.jpg 2048w, https:\/\/inquietudearquitetura.pt\/wp-content\/uploads\/2023\/01\/09-2000x1125.jpg 2000w\" sizes=\"auto, (max-width: 1024px) 100vw, 1024px\" \/><button\n\t\t\tclass=\"lightbox-trigger\"\n\t\t\ttype=\"button\"\n\t\t\taria-haspopup=\"dialog\"\n\t\t\taria-label=\"Ampliar\"\n\t\t\tdata-wp-init=\"callbacks.initTriggerButton\"\n\t\t\tdata-wp-on--click=\"actions.showLightbox\"\n\t\t\tdata-wp-style--right=\"state.imageButtonRight\"\n\t\t\tdata-wp-style--top=\"state.imageButtonTop\"\n\t\t>\n\t\t\t<svg xmlns=\"http:\/\/www.w3.org\/2000\/svg\" width=\"12\" height=\"12\" fill=\"none\" viewBox=\"0 0 12 12\">\n\t\t\t\t<path fill=\"#fff\" d=\"M2 0a2 2 0 0 0-2 2v2h1.5V2a.5.5 0 0 1 .5-.5h2V0H2Zm2 10.5H2a.5.5 0 0 1-.5-.5V8H0v2a2 2 0 0 0 2 2h2v-1.5ZM8 12v-1.5h2a.5.5 0 0 0 .5-.5V8H12v2a2 2 0 0 1-2 2H8Zm2-12a2 2 0 0 1 2 2v2h-1.5V2a.5.5 0 0 0-.5-.5H8V0h2Z\" \/>\n\t\t\t<\/svg>\n\t\t<\/button><figcaption class=\"wp-element-caption\">SINTRA _ &#8220;Casa de Albarraque&#8221; : Moradia unifamiliar<\/figcaption><\/figure>\n\n\n\n<figure data-wp-context=\"{&quot;imageId&quot;:&quot;69f189cb05cd7&quot;}\" data-wp-interactive=\"core\/image\" data-wp-key=\"69f189cb05cd7\" class=\"wp-block-image size-large has-custom-border wp-lightbox-container\" style=\"margin-top:0;margin-right:var(--wp--preset--spacing--medium);margin-bottom:0;margin-left:var(--wp--preset--spacing--medium)\"><img loading=\"lazy\" decoding=\"async\" width=\"1024\" height=\"725\" data-wp-class--hide=\"state.isContentHidden\" data-wp-class--show=\"state.isContentVisible\" data-wp-init=\"callbacks.setButtonStyles\" data-wp-on--click=\"actions.showLightbox\" data-wp-on--load=\"callbacks.setButtonStyles\" data-wp-on-window--resize=\"callbacks.setButtonStyles\" data-id=\"428\" src=\"https:\/\/inquietudearquitetura.pt\/wp-content\/uploads\/2023\/01\/C_A-1024x725.jpg\" alt=\"\" class=\"wp-image-428\" style=\"border-style:none;border-width:0px;border-top-left-radius:0px;border-top-right-radius:0px;border-bottom-left-radius:0px;border-bottom-right-radius:0px;aspect-ratio:3\/2\" srcset=\"https:\/\/inquietudearquitetura.pt\/wp-content\/uploads\/2023\/01\/C_A-1024x725.jpg 1024w, https:\/\/inquietudearquitetura.pt\/wp-content\/uploads\/2023\/01\/C_A-300x213.jpg 300w, https:\/\/inquietudearquitetura.pt\/wp-content\/uploads\/2023\/01\/C_A-768x544.jpg 768w, https:\/\/inquietudearquitetura.pt\/wp-content\/uploads\/2023\/01\/C_A-1536x1088.jpg 1536w, https:\/\/inquietudearquitetura.pt\/wp-content\/uploads\/2023\/01\/C_A-2048x1451.jpg 2048w, https:\/\/inquietudearquitetura.pt\/wp-content\/uploads\/2023\/01\/C_A-2000x1417.jpg 2000w\" sizes=\"auto, (max-width: 1024px) 100vw, 1024px\" \/><button\n\t\t\tclass=\"lightbox-trigger\"\n\t\t\ttype=\"button\"\n\t\t\taria-haspopup=\"dialog\"\n\t\t\taria-label=\"Ampliar\"\n\t\t\tdata-wp-init=\"callbacks.initTriggerButton\"\n\t\t\tdata-wp-on--click=\"actions.showLightbox\"\n\t\t\tdata-wp-style--right=\"state.imageButtonRight\"\n\t\t\tdata-wp-style--top=\"state.imageButtonTop\"\n\t\t>\n\t\t\t<svg xmlns=\"http:\/\/www.w3.org\/2000\/svg\" width=\"12\" height=\"12\" fill=\"none\" viewBox=\"0 0 12 12\">\n\t\t\t\t<path fill=\"#fff\" d=\"M2 0a2 2 0 0 0-2 2v2h1.5V2a.5.5 0 0 1 .5-.5h2V0H2Zm2 10.5H2a.5.5 0 0 1-.5-.5V8H0v2a2 2 0 0 0 2 2h2v-1.5ZM8 12v-1.5h2a.5.5 0 0 0 .5-.5V8H12v2a2 2 0 0 1-2 2H8Zm2-12a2 2 0 0 1 2 2v2h-1.5V2a.5.5 0 0 0-.5-.5H8V0h2Z\" \/>\n\t\t\t<\/svg>\n\t\t<\/button><figcaption class=\"wp-element-caption\">ALMADA _ &#8220;Casa do Texugo&#8221; : Moradia unifamiliar<\/figcaption><\/figure>\n\n\n\n<figure data-wp-context=\"{&quot;imageId&quot;:&quot;69f189cb06b22&quot;}\" data-wp-interactive=\"core\/image\" data-wp-key=\"69f189cb06b22\" class=\"wp-block-image size-large has-custom-border wp-lightbox-container\" style=\"margin-top:0;margin-right:var(--wp--preset--spacing--medium);margin-bottom:0;margin-left:var(--wp--preset--spacing--medium)\"><img loading=\"lazy\" decoding=\"async\" width=\"1024\" height=\"576\" data-wp-class--hide=\"state.isContentHidden\" data-wp-class--show=\"state.isContentVisible\" data-wp-init=\"callbacks.setButtonStyles\" data-wp-on--click=\"actions.showLightbox\" data-wp-on--load=\"callbacks.setButtonStyles\" data-wp-on-window--resize=\"callbacks.setButtonStyles\" data-id=\"453\" src=\"https:\/\/inquietudearquitetura.pt\/wp-content\/uploads\/2023\/01\/ext-33-1024x576.jpg\" alt=\"\" class=\"wp-image-453\" style=\"border-style:none;border-width:0px;border-top-left-radius:0px;border-top-right-radius:0px;border-bottom-left-radius:0px;border-bottom-right-radius:0px;aspect-ratio:3\/2\" srcset=\"https:\/\/inquietudearquitetura.pt\/wp-content\/uploads\/2023\/01\/ext-33-1024x576.jpg 1024w, https:\/\/inquietudearquitetura.pt\/wp-content\/uploads\/2023\/01\/ext-33-300x169.jpg 300w, https:\/\/inquietudearquitetura.pt\/wp-content\/uploads\/2023\/01\/ext-33-768x432.jpg 768w, https:\/\/inquietudearquitetura.pt\/wp-content\/uploads\/2023\/01\/ext-33-1536x864.jpg 1536w, https:\/\/inquietudearquitetura.pt\/wp-content\/uploads\/2023\/01\/ext-33-2048x1152.jpg 2048w, https:\/\/inquietudearquitetura.pt\/wp-content\/uploads\/2023\/01\/ext-33-2000x1125.jpg 2000w\" sizes=\"auto, (max-width: 1024px) 100vw, 1024px\" \/><button\n\t\t\tclass=\"lightbox-trigger\"\n\t\t\ttype=\"button\"\n\t\t\taria-haspopup=\"dialog\"\n\t\t\taria-label=\"Ampliar\"\n\t\t\tdata-wp-init=\"callbacks.initTriggerButton\"\n\t\t\tdata-wp-on--click=\"actions.showLightbox\"\n\t\t\tdata-wp-style--right=\"state.imageButtonRight\"\n\t\t\tdata-wp-style--top=\"state.imageButtonTop\"\n\t\t>\n\t\t\t<svg xmlns=\"http:\/\/www.w3.org\/2000\/svg\" width=\"12\" height=\"12\" fill=\"none\" viewBox=\"0 0 12 12\">\n\t\t\t\t<path fill=\"#fff\" d=\"M2 0a2 2 0 0 0-2 2v2h1.5V2a.5.5 0 0 1 .5-.5h2V0H2Zm2 10.5H2a.5.5 0 0 1-.5-.5V8H0v2a2 2 0 0 0 2 2h2v-1.5ZM8 12v-1.5h2a.5.5 0 0 0 .5-.5V8H12v2a2 2 0 0 1-2 2H8Zm2-12a2 2 0 0 1 2 2v2h-1.5V2a.5.5 0 0 0-.5-.5H8V0h2Z\" \/>\n\t\t\t<\/svg>\n\t\t<\/button><figcaption class=\"wp-element-caption\">ALBUFEIRA _ &#8220;Casa de Paderne&#8221; : Moradia unifamiliar<\/figcaption><\/figure>\n\n\n\n<figure data-wp-context=\"{&quot;imageId&quot;:&quot;69f189cb07dad&quot;}\" data-wp-interactive=\"core\/image\" data-wp-key=\"69f189cb07dad\" class=\"wp-block-image size-large has-custom-border wp-lightbox-container\" style=\"margin-top:0;margin-right:var(--wp--preset--spacing--medium);margin-bottom:0;margin-left:var(--wp--preset--spacing--medium)\"><img loading=\"lazy\" decoding=\"async\" width=\"1024\" height=\"576\" data-wp-class--hide=\"state.isContentHidden\" data-wp-class--show=\"state.isContentVisible\" data-wp-init=\"callbacks.setButtonStyles\" data-wp-on--click=\"actions.showLightbox\" data-wp-on--load=\"callbacks.setButtonStyles\" data-wp-on-window--resize=\"callbacks.setButtonStyles\" data-id=\"434\" src=\"https:\/\/inquietudearquitetura.pt\/wp-content\/uploads\/2023\/01\/EXT_05-1024x576.jpg\" alt=\"\" class=\"wp-image-434\" style=\"border-style:none;border-width:0px;border-top-left-radius:0px;border-top-right-radius:0px;border-bottom-left-radius:0px;border-bottom-right-radius:0px;aspect-ratio:3\/2\" srcset=\"https:\/\/inquietudearquitetura.pt\/wp-content\/uploads\/2023\/01\/EXT_05-1024x576.jpg 1024w, https:\/\/inquietudearquitetura.pt\/wp-content\/uploads\/2023\/01\/EXT_05-300x169.jpg 300w, https:\/\/inquietudearquitetura.pt\/wp-content\/uploads\/2023\/01\/EXT_05-768x432.jpg 768w, https:\/\/inquietudearquitetura.pt\/wp-content\/uploads\/2023\/01\/EXT_05-1536x864.jpg 1536w, https:\/\/inquietudearquitetura.pt\/wp-content\/uploads\/2023\/01\/EXT_05-2048x1152.jpg 2048w, https:\/\/inquietudearquitetura.pt\/wp-content\/uploads\/2023\/01\/EXT_05-2000x1125.jpg 2000w\" sizes=\"auto, (max-width: 1024px) 100vw, 1024px\" \/><button\n\t\t\tclass=\"lightbox-trigger\"\n\t\t\ttype=\"button\"\n\t\t\taria-haspopup=\"dialog\"\n\t\t\taria-label=\"Ampliar\"\n\t\t\tdata-wp-init=\"callbacks.initTriggerButton\"\n\t\t\tdata-wp-on--click=\"actions.showLightbox\"\n\t\t\tdata-wp-style--right=\"state.imageButtonRight\"\n\t\t\tdata-wp-style--top=\"state.imageButtonTop\"\n\t\t>\n\t\t\t<svg xmlns=\"http:\/\/www.w3.org\/2000\/svg\" width=\"12\" height=\"12\" fill=\"none\" viewBox=\"0 0 12 12\">\n\t\t\t\t<path fill=\"#fff\" d=\"M2 0a2 2 0 0 0-2 2v2h1.5V2a.5.5 0 0 1 .5-.5h2V0H2Zm2 10.5H2a.5.5 0 0 1-.5-.5V8H0v2a2 2 0 0 0 2 2h2v-1.5ZM8 12v-1.5h2a.5.5 0 0 0 .5-.5V8H12v2a2 2 0 0 1-2 2H8Zm2-12a2 2 0 0 1 2 2v2h-1.5V2a.5.5 0 0 0-.5-.5H8V0h2Z\" \/>\n\t\t\t<\/svg>\n\t\t<\/button><figcaption class=\"wp-element-caption\">ODIVELAS _ &#8220;Casa de Trigache&#8221; : Moradia unifamiliar<\/figcaption><\/figure>\n\n\n\n<figure data-wp-context=\"{&quot;imageId&quot;:&quot;69f189cb08fbd&quot;}\" data-wp-interactive=\"core\/image\" data-wp-key=\"69f189cb08fbd\" class=\"wp-block-image size-large has-custom-border wp-lightbox-container\" style=\"margin-top:0;margin-right:var(--wp--preset--spacing--medium);margin-bottom:0;margin-left:var(--wp--preset--spacing--medium)\"><img loading=\"lazy\" decoding=\"async\" width=\"1024\" height=\"576\" data-wp-class--hide=\"state.isContentHidden\" data-wp-class--show=\"state.isContentVisible\" data-wp-init=\"callbacks.setButtonStyles\" data-wp-on--click=\"actions.showLightbox\" data-wp-on--load=\"callbacks.setButtonStyles\" data-wp-on-window--resize=\"callbacks.setButtonStyles\" data-id=\"441\" src=\"https:\/\/inquietudearquitetura.pt\/wp-content\/uploads\/2023\/01\/CLARA_EP_3A-1024x576.jpg\" alt=\"\" class=\"wp-image-441\" style=\"border-style:none;border-width:0px;border-top-left-radius:0px;border-top-right-radius:0px;border-bottom-left-radius:0px;border-bottom-right-radius:0px;aspect-ratio:3\/2\" srcset=\"https:\/\/inquietudearquitetura.pt\/wp-content\/uploads\/2023\/01\/CLARA_EP_3A-1024x576.jpg 1024w, https:\/\/inquietudearquitetura.pt\/wp-content\/uploads\/2023\/01\/CLARA_EP_3A-300x169.jpg 300w, https:\/\/inquietudearquitetura.pt\/wp-content\/uploads\/2023\/01\/CLARA_EP_3A-768x432.jpg 768w, https:\/\/inquietudearquitetura.pt\/wp-content\/uploads\/2023\/01\/CLARA_EP_3A-1536x864.jpg 1536w, https:\/\/inquietudearquitetura.pt\/wp-content\/uploads\/2023\/01\/CLARA_EP_3A-2048x1152.jpg 2048w, https:\/\/inquietudearquitetura.pt\/wp-content\/uploads\/2023\/01\/CLARA_EP_3A-2000x1125.jpg 2000w\" sizes=\"auto, (max-width: 1024px) 100vw, 1024px\" \/><button\n\t\t\tclass=\"lightbox-trigger\"\n\t\t\ttype=\"button\"\n\t\t\taria-haspopup=\"dialog\"\n\t\t\taria-label=\"Ampliar\"\n\t\t\tdata-wp-init=\"callbacks.initTriggerButton\"\n\t\t\tdata-wp-on--click=\"actions.showLightbox\"\n\t\t\tdata-wp-style--right=\"state.imageButtonRight\"\n\t\t\tdata-wp-style--top=\"state.imageButtonTop\"\n\t\t>\n\t\t\t<svg xmlns=\"http:\/\/www.w3.org\/2000\/svg\" width=\"12\" height=\"12\" fill=\"none\" viewBox=\"0 0 12 12\">\n\t\t\t\t<path fill=\"#fff\" d=\"M2 0a2 2 0 0 0-2 2v2h1.5V2a.5.5 0 0 1 .5-.5h2V0H2Zm2 10.5H2a.5.5 0 0 1-.5-.5V8H0v2a2 2 0 0 0 2 2h2v-1.5ZM8 12v-1.5h2a.5.5 0 0 0 .5-.5V8H12v2a2 2 0 0 1-2 2H8Zm2-12a2 2 0 0 1 2 2v2h-1.5V2a.5.5 0 0 0-.5-.5H8V0h2Z\" \/>\n\t\t\t<\/svg>\n\t\t<\/button><figcaption class=\"wp-element-caption\">OEIRAS _ &#8220;Casa das Oliveiras&#8221; : Moradia unifamiliar<\/figcaption><\/figure>\n\n\n\n<figure data-wp-context=\"{&quot;imageId&quot;:&quot;69f189cb0a094&quot;}\" data-wp-interactive=\"core\/image\" data-wp-key=\"69f189cb0a094\" class=\"wp-block-image size-large has-custom-border wp-lightbox-container\" style=\"margin-top:0;margin-right:var(--wp--preset--spacing--medium);margin-bottom:0;margin-left:var(--wp--preset--spacing--medium)\"><img loading=\"lazy\" decoding=\"async\" width=\"1024\" height=\"576\" data-wp-class--hide=\"state.isContentHidden\" data-wp-class--show=\"state.isContentVisible\" data-wp-init=\"callbacks.setButtonStyles\" data-wp-on--click=\"actions.showLightbox\" data-wp-on--load=\"callbacks.setButtonStyles\" data-wp-on-window--resize=\"callbacks.setButtonStyles\" data-id=\"455\" src=\"https:\/\/inquietudearquitetura.pt\/wp-content\/uploads\/2023\/01\/IDALINA_9-1024x576.jpg\" alt=\"\" class=\"wp-image-455\" style=\"border-style:none;border-width:0px;border-top-left-radius:0px;border-top-right-radius:0px;border-bottom-left-radius:0px;border-bottom-right-radius:0px;aspect-ratio:3\/2\" srcset=\"https:\/\/inquietudearquitetura.pt\/wp-content\/uploads\/2023\/01\/IDALINA_9-1024x576.jpg 1024w, https:\/\/inquietudearquitetura.pt\/wp-content\/uploads\/2023\/01\/IDALINA_9-300x169.jpg 300w, https:\/\/inquietudearquitetura.pt\/wp-content\/uploads\/2023\/01\/IDALINA_9-768x432.jpg 768w, https:\/\/inquietudearquitetura.pt\/wp-content\/uploads\/2023\/01\/IDALINA_9-1536x864.jpg 1536w, https:\/\/inquietudearquitetura.pt\/wp-content\/uploads\/2023\/01\/IDALINA_9-2048x1152.jpg 2048w, https:\/\/inquietudearquitetura.pt\/wp-content\/uploads\/2023\/01\/IDALINA_9-2000x1125.jpg 2000w\" sizes=\"auto, (max-width: 1024px) 100vw, 1024px\" \/><button\n\t\t\tclass=\"lightbox-trigger\"\n\t\t\ttype=\"button\"\n\t\t\taria-haspopup=\"dialog\"\n\t\t\taria-label=\"Ampliar\"\n\t\t\tdata-wp-init=\"callbacks.initTriggerButton\"\n\t\t\tdata-wp-on--click=\"actions.showLightbox\"\n\t\t\tdata-wp-style--right=\"state.imageButtonRight\"\n\t\t\tdata-wp-style--top=\"state.imageButtonTop\"\n\t\t>\n\t\t\t<svg xmlns=\"http:\/\/www.w3.org\/2000\/svg\" width=\"12\" height=\"12\" fill=\"none\" viewBox=\"0 0 12 12\">\n\t\t\t\t<path fill=\"#fff\" d=\"M2 0a2 2 0 0 0-2 2v2h1.5V2a.5.5 0 0 1 .5-.5h2V0H2Zm2 10.5H2a.5.5 0 0 1-.5-.5V8H0v2a2 2 0 0 0 2 2h2v-1.5ZM8 12v-1.5h2a.5.5 0 0 0 .5-.5V8H12v2a2 2 0 0 1-2 2H8Zm2-12a2 2 0 0 1 2 2v2h-1.5V2a.5.5 0 0 0-.5-.5H8V0h2Z\" \/>\n\t\t\t<\/svg>\n\t\t<\/button><figcaption class=\"wp-element-caption\">CASCAIS _ &#8220;Casa das Flores&#8221; : Moradia unifamiliar<\/figcaption><\/figure>\n\n\n\n<figure data-wp-context=\"{&quot;imageId&quot;:&quot;69f189cb0af72&quot;}\" data-wp-interactive=\"core\/image\" data-wp-key=\"69f189cb0af72\" class=\"wp-block-image size-large has-custom-border wp-lightbox-container\" style=\"margin-top:0;margin-right:var(--wp--preset--spacing--medium);margin-bottom:0;margin-left:var(--wp--preset--spacing--medium)\"><img loading=\"lazy\" decoding=\"async\" width=\"1024\" height=\"692\" data-wp-class--hide=\"state.isContentHidden\" data-wp-class--show=\"state.isContentVisible\" data-wp-init=\"callbacks.setButtonStyles\" data-wp-on--click=\"actions.showLightbox\" data-wp-on--load=\"callbacks.setButtonStyles\" data-wp-on-window--resize=\"callbacks.setButtonStyles\" data-id=\"456\" src=\"https:\/\/inquietudearquitetura.pt\/wp-content\/uploads\/2023\/01\/INES_ESTEVES_3D_1-1024x692.jpg\" alt=\"\" class=\"wp-image-456\" style=\"border-style:none;border-width:0px;border-top-left-radius:0px;border-top-right-radius:0px;border-bottom-left-radius:0px;border-bottom-right-radius:0px;aspect-ratio:3\/2\" srcset=\"https:\/\/inquietudearquitetura.pt\/wp-content\/uploads\/2023\/01\/INES_ESTEVES_3D_1-1024x692.jpg 1024w, https:\/\/inquietudearquitetura.pt\/wp-content\/uploads\/2023\/01\/INES_ESTEVES_3D_1-300x203.jpg 300w, https:\/\/inquietudearquitetura.pt\/wp-content\/uploads\/2023\/01\/INES_ESTEVES_3D_1-768x519.jpg 768w, https:\/\/inquietudearquitetura.pt\/wp-content\/uploads\/2023\/01\/INES_ESTEVES_3D_1-1536x1038.jpg 1536w, https:\/\/inquietudearquitetura.pt\/wp-content\/uploads\/2023\/01\/INES_ESTEVES_3D_1-2048x1384.jpg 2048w, https:\/\/inquietudearquitetura.pt\/wp-content\/uploads\/2023\/01\/INES_ESTEVES_3D_1-2000x1351.jpg 2000w\" sizes=\"auto, (max-width: 1024px) 100vw, 1024px\" \/><button\n\t\t\tclass=\"lightbox-trigger\"\n\t\t\ttype=\"button\"\n\t\t\taria-haspopup=\"dialog\"\n\t\t\taria-label=\"Ampliar\"\n\t\t\tdata-wp-init=\"callbacks.initTriggerButton\"\n\t\t\tdata-wp-on--click=\"actions.showLightbox\"\n\t\t\tdata-wp-style--right=\"state.imageButtonRight\"\n\t\t\tdata-wp-style--top=\"state.imageButtonTop\"\n\t\t>\n\t\t\t<svg xmlns=\"http:\/\/www.w3.org\/2000\/svg\" width=\"12\" height=\"12\" fill=\"none\" viewBox=\"0 0 12 12\">\n\t\t\t\t<path fill=\"#fff\" d=\"M2 0a2 2 0 0 0-2 2v2h1.5V2a.5.5 0 0 1 .5-.5h2V0H2Zm2 10.5H2a.5.5 0 0 1-.5-.5V8H0v2a2 2 0 0 0 2 2h2v-1.5ZM8 12v-1.5h2a.5.5 0 0 0 .5-.5V8H12v2a2 2 0 0 1-2 2H8Zm2-12a2 2 0 0 1 2 2v2h-1.5V2a.5.5 0 0 0-.5-.5H8V0h2Z\" \/>\n\t\t\t<\/svg>\n\t\t<\/button><figcaption class=\"wp-element-caption\">PALMELA _ &#8220;Casa do Anjo&#8221; : Moradia unifamiliar<\/figcaption><\/figure>\n\n\n\n<figure data-wp-context=\"{&quot;imageId&quot;:&quot;69f189cb0c5b2&quot;}\" data-wp-interactive=\"core\/image\" data-wp-key=\"69f189cb0c5b2\" class=\"wp-block-image size-large has-custom-border wp-lightbox-container\" style=\"margin-top:0;margin-right:var(--wp--preset--spacing--medium);margin-bottom:0;margin-left:var(--wp--preset--spacing--medium)\"><img loading=\"lazy\" decoding=\"async\" width=\"1024\" height=\"1024\" data-wp-class--hide=\"state.isContentHidden\" data-wp-class--show=\"state.isContentVisible\" data-wp-init=\"callbacks.setButtonStyles\" data-wp-on--click=\"actions.showLightbox\" data-wp-on--load=\"callbacks.setButtonStyles\" data-wp-on-window--resize=\"callbacks.setButtonStyles\" data-id=\"1306\" src=\"https:\/\/inquietudearquitetura.pt\/wp-content\/uploads\/2024\/01\/IMG-7250-1024x1024.jpg\" alt=\"\" class=\"wp-image-1306\" style=\"border-style:none;border-width:0px;border-top-left-radius:0px;border-top-right-radius:0px;border-bottom-left-radius:0px;border-bottom-right-radius:0px;aspect-ratio:3\/2\" srcset=\"https:\/\/inquietudearquitetura.pt\/wp-content\/uploads\/2024\/01\/IMG-7250-1024x1024.jpg 1024w, https:\/\/inquietudearquitetura.pt\/wp-content\/uploads\/2024\/01\/IMG-7250-300x300.jpg 300w, https:\/\/inquietudearquitetura.pt\/wp-content\/uploads\/2024\/01\/IMG-7250-150x150.jpg 150w, https:\/\/inquietudearquitetura.pt\/wp-content\/uploads\/2024\/01\/IMG-7250.jpg 1900w\" sizes=\"auto, (max-width: 1024px) 100vw, 1024px\" \/><button\n\t\t\tclass=\"lightbox-trigger\"\n\t\t\ttype=\"button\"\n\t\t\taria-haspopup=\"dialog\"\n\t\t\taria-label=\"Ampliar\"\n\t\t\tdata-wp-init=\"callbacks.initTriggerButton\"\n\t\t\tdata-wp-on--click=\"actions.showLightbox\"\n\t\t\tdata-wp-style--right=\"state.imageButtonRight\"\n\t\t\tdata-wp-style--top=\"state.imageButtonTop\"\n\t\t>\n\t\t\t<svg xmlns=\"http:\/\/www.w3.org\/2000\/svg\" width=\"12\" height=\"12\" fill=\"none\" viewBox=\"0 0 12 12\">\n\t\t\t\t<path fill=\"#fff\" d=\"M2 0a2 2 0 0 0-2 2v2h1.5V2a.5.5 0 0 1 .5-.5h2V0H2Zm2 10.5H2a.5.5 0 0 1-.5-.5V8H0v2a2 2 0 0 0 2 2h2v-1.5ZM8 12v-1.5h2a.5.5 0 0 0 .5-.5V8H12v2a2 2 0 0 1-2 2H8Zm2-12a2 2 0 0 1 2 2v2h-1.5V2a.5.5 0 0 0-.5-.5H8V0h2Z\" \/>\n\t\t\t<\/svg>\n\t\t<\/button><figcaption class=\"wp-element-caption\">PONTE DE LIMA _ Projeto de reabilita\u00e7\u00e3o e centro hist\u00f3rico<\/figcaption><\/figure>\n\n\n\n<figure data-wp-context=\"{&quot;imageId&quot;:&quot;69f189cb0d9fb&quot;}\" data-wp-interactive=\"core\/image\" data-wp-key=\"69f189cb0d9fb\" class=\"wp-block-image size-large has-custom-border wp-lightbox-container\" style=\"margin-top:0;margin-right:var(--wp--preset--spacing--medium);margin-bottom:0;margin-left:var(--wp--preset--spacing--medium)\"><img loading=\"lazy\" decoding=\"async\" width=\"1024\" height=\"1024\" data-wp-class--hide=\"state.isContentHidden\" data-wp-class--show=\"state.isContentVisible\" data-wp-init=\"callbacks.setButtonStyles\" data-wp-on--click=\"actions.showLightbox\" data-wp-on--load=\"callbacks.setButtonStyles\" data-wp-on-window--resize=\"callbacks.setButtonStyles\" data-id=\"1608\" src=\"https:\/\/inquietudearquitetura.pt\/wp-content\/uploads\/2024\/06\/20240220_145053-1024x1024.jpg\" alt=\"\" class=\"wp-image-1608\" style=\"border-style:none;border-width:0px;border-top-left-radius:0px;border-top-right-radius:0px;border-bottom-left-radius:0px;border-bottom-right-radius:0px;aspect-ratio:3\/2\" srcset=\"https:\/\/inquietudearquitetura.pt\/wp-content\/uploads\/2024\/06\/20240220_145053-1024x1024.jpg 1024w, https:\/\/inquietudearquitetura.pt\/wp-content\/uploads\/2024\/06\/20240220_145053-300x300.jpg 300w, https:\/\/inquietudearquitetura.pt\/wp-content\/uploads\/2024\/06\/20240220_145053-150x150.jpg 150w, https:\/\/inquietudearquitetura.pt\/wp-content\/uploads\/2024\/06\/20240220_145053.jpg 1500w\" sizes=\"auto, (max-width: 1024px) 100vw, 1024px\" \/><button\n\t\t\tclass=\"lightbox-trigger\"\n\t\t\ttype=\"button\"\n\t\t\taria-haspopup=\"dialog\"\n\t\t\taria-label=\"Ampliar\"\n\t\t\tdata-wp-init=\"callbacks.initTriggerButton\"\n\t\t\tdata-wp-on--click=\"actions.showLightbox\"\n\t\t\tdata-wp-style--right=\"state.imageButtonRight\"\n\t\t\tdata-wp-style--top=\"state.imageButtonTop\"\n\t\t>\n\t\t\t<svg xmlns=\"http:\/\/www.w3.org\/2000\/svg\" width=\"12\" height=\"12\" fill=\"none\" viewBox=\"0 0 12 12\">\n\t\t\t\t<path fill=\"#fff\" d=\"M2 0a2 2 0 0 0-2 2v2h1.5V2a.5.5 0 0 1 .5-.5h2V0H2Zm2 10.5H2a.5.5 0 0 1-.5-.5V8H0v2a2 2 0 0 0 2 2h2v-1.5ZM8 12v-1.5h2a.5.5 0 0 0 .5-.5V8H12v2a2 2 0 0 1-2 2H8Zm2-12a2 2 0 0 1 2 2v2h-1.5V2a.5.5 0 0 0-.5-.5H8V0h2Z\" \/>\n\t\t\t<\/svg>\n\t\t<\/button><figcaption class=\"wp-element-caption\">PONTE DE LIMA _ Projeto de reabilita\u00e7\u00e3o de quinta de turismo rural<\/figcaption><\/figure>\n<\/figure>\n\n\n\n<h2 class=\"wp-block-heading\" style=\"font-style:normal;font-weight:200\"><\/h2>\n\n\n\n<p style=\"font-size:clamp(14px, 0.875rem + ((1vw - 3.2px) * 0.088), 15px);font-style:normal;font-weight:100\"><\/p>\n\n\n\n<p style=\"font-size:clamp(14px, 0.875rem + ((1vw - 3.2px) * 0.088), 15px);font-style:normal;font-weight:100\"><\/p>\n\n\n\n<p style=\"font-size:clamp(14px, 0.875rem + ((1vw - 3.2px) * 0.088), 15px);font-style:normal;font-weight:100\"><\/p>\n\n\n\n<p><\/p>\n","protected":false},"excerpt":{"rendered":"<p>ARQUITETURA, em que podemos ajudar? RESIDENCIAL MORADIA EDIFICIO MULTIFAMILIAR EQUIPAMENTO HOTEL E TURISMO CORPORATIVO E IND\u00daSTRIA REABILITA\u00c7\u00c3O EDIFICIO E HABITA\u00c7\u00c3O ESPA\u00c7OS COMERCIAIS AMBIENTES DESIGN DE INTERIORES DESENHO DE MOBILI\u00c1RIO Os \u00faltimos anos deram-nos a conhecer excelentes clientes, com uma ampla vontade e diversidade, que nos permitiram desenvolver programas de uma forma criativa e diferenciada, tanto &hellip; <\/p>\n<p class=\"link-more\"><a href=\"https:\/\/inquietudearquitetura.pt\/?page_id=240\" class=\"more-link\">Read more<span class=\"screen-reader-text\"> &#8220;+Arch&#8221;<\/span><\/a><\/p>\n","protected":false},"author":1,"featured_media":328,"parent":0,"menu_order":0,"comment_status":"closed","ping_status":"closed","template":"","meta":{"inspiro_hide_title":false,"footnotes":""},"class_list":["post-240","page","type-page","status-publish","has-post-thumbnail","hentry"],"_links":{"self":[{"href":"https:\/\/inquietudearquitetura.pt\/index.php?rest_route=\/wp\/v2\/pages\/240","targetHints":{"allow":["GET"]}}],"collection":[{"href":"https:\/\/inquietudearquitetura.pt\/index.php?rest_route=\/wp\/v2\/pages"}],"about":[{"href":"https:\/\/inquietudearquitetura.pt\/index.php?rest_route=\/wp\/v2\/types\/page"}],"author":[{"embeddable":true,"href":"https:\/\/inquietudearquitetura.pt\/index.php?rest_route=\/wp\/v2\/users\/1"}],"replies":[{"embeddable":true,"href":"https:\/\/inquietudearquitetura.pt\/index.php?rest_route=%2Fwp%2Fv2%2Fcomments&post=240"}],"version-history":[{"count":182,"href":"https:\/\/inquietudearquitetura.pt\/index.php?rest_route=\/wp\/v2\/pages\/240\/revisions"}],"predecessor-version":[{"id":2874,"href":"https:\/\/inquietudearquitetura.pt\/index.php?rest_route=\/wp\/v2\/pages\/240\/revisions\/2874"}],"wp:featuredmedia":[{"embeddable":true,"href":"https:\/\/inquietudearquitetura.pt\/index.php?rest_route=\/wp\/v2\/media\/328"}],"wp:attachment":[{"href":"https:\/\/inquietudearquitetura.pt\/index.php?rest_route=%2Fwp%2Fv2%2Fmedia&parent=240"}],"curies":[{"name":"wp","href":"https:\/\/api.w.org\/{rel}","templated":true}]}}